{"id":845,"date":"2025-08-20T17:31:28","date_gmt":"2025-08-20T15:31:28","guid":{"rendered":"https:\/\/www.adoneconseil.fr\/?page_id=845"},"modified":"2026-01-19T17:22:53","modified_gmt":"2026-01-19T16:22:53","slug":"i-nostri-programmi-interni","status":"publish","type":"page","link":"https:\/\/www.adoneconseil.fr\/it\/la-vita-interna-dellazienda\/i-nostri-programmi-interni\/","title":{"rendered":"I nostri programmi interni"},"content":{"rendered":"\n<div style=\"height:100px\" aria-hidden=\"true\" class=\"wp-block-spacer\"><\/div>\n<div class=\"container-xxl\"><div class=\"row\"><div class=\"col-12 px-2\">\n\n<\/div><\/div><\/div><div class=\"container-xxl\"><div class=\"row\"><div class=\"col-12 py-1 px-2\"><div class=\"wp-block-paragraph\">\n<p class=\"has-text-align-center\">Adone \u00e8 molto pi\u00f9 di una societ\u00e0 di consulenza: \u00e8 anche l\u2019insieme dei programmi interni che incarnano i fondamenti della nostra cultura aziendale (convivialit\u00e0, solidariet\u00e0 e benessere) e delle iniziative promosse dalle nostre collaboratrici e dai nostri collaboratori di Parigi, Ginevra, Milano e Londra, che contribuiscono a far crescere il gruppo giorno dopo giorno. Non aspettare oltre: scopri l&#8217;universo Adone dall\u2019interno.<\/p>\n<\/div><\/div><\/div><\/div><div class=\"container-xxl\"><div class=\"row\"><div class=\"col-12 px-2\">\n\n<\/div><\/div><\/div><section class=\"block   block--textes-images\n  bg-white\n\" data-scroll>\n  <div class=\"container-xxl\">\n    <div class=\"row\">\n      <div class=\"col-12 p-1 px-md-3 px-xxl-1\">\n        \n         \n<div class=\"row mt-6 mt-md-8\">\n\n  <div class=\"content-wrapper col-12 col-md-6 \">\n    <div class=\"content\">\n      <div class=\"splide main-carousel\">\n        <div class=\"splide__track\">\n          <ul class=\"splide__list\">\n                          <li class=\"splide__slide\">\n                <div class=\" px-3 px-md-5 px-md-6 pt-3 pt-md-5 pb-3 \">\n                      <h2 class=\"text-serif field-title\">Adone Feel Good<\/h2>\n  \n                      <div class=\"field-text\"><p>Dal 2017, Adone Conseil propone ogni mese ai suoi collaboratori e collaboratrici attivit\u00e0 dedicate allo sport e al benessere. Boxe, yoga, canottaggio, vela o scherma: c&#8217;\u00e8 davvero qualcosa per tutti.<\/p>\n<p>Il nostro programma \u00e8 stato inoltre premiato con il riconoscimento &#8220;Sentez-vous Sport&#8221;, conferito dal Comitato Olimpico Francese!<\/p>\n<\/div>\n                                  \n                <\/div>\n              <\/li>\n                      <\/ul>\n        <\/div>\n      <\/div>\n      <div class=\"splide-pagination-custom d-none pb-3 justify-content-center align-items-center\">\n        <button type=\"button\" class=\"btn btn-link text-decoration-none p-1 text-red custom-prev-arrow\"> &lt; <\/button>\n        \n        <div class=\"pagination-numbers\">\n          <span class=\"current-index\">01<\/span> \/ <span class=\"total-slides\">01<\/span>\n        <\/div>\n\n        <button type=\"button\" class=\"btn btn-link text-decoration-none p-1 text-red custom-next-arrow\"> &gt; <\/button>\n      <\/div>\n    <\/div>\n  <\/div>\n\n  <div class=\"col-12 col-md-5\">\n    <div class=\"row d-flex justify-content-center align-items-start\">\n      <div class=\"splide thumbnail-carousel\">\n        <div class=\"splide__track\">\n          <ul class=\"splide__list\">\n                          <li class=\"splide__slide\">\n                \t\t\t\t\t\t\t\t\n\n  <div class=\"field-image \">\n    <figure class=\"field-image--figure h-100 m-0\">\n      <img decoding=\"async\" src=\"https:\/\/www.adoneconseil.fr\/it\/wp-content\/uploads\/sites\/3\/2025\/11\/Adone-Feel-Good-Escrime.png\" \n        class=\"img-fluid field-image--img\"\n         alt=\"Image d'illustration\"         title=\"Adone Feel Good &#8211; Escrime\"         width=\"1920\"         height=\"1080\"         srcset=\"\"\t\t\n         sizes=\"(max-width: 1920px) 100vw, 1920px\"      \/>\n        <\/figure>\n      <\/div>\n              <\/li>\n                      <\/ul>\n        <\/div>\n      <\/div>\n    <\/div>\n  <\/div>\n\n<\/div>\n\n      <\/div>\n    <\/div>\n  <\/div>\n<\/section>\n<div class=\"container-xxl\"><div class=\"row\"><div class=\"col-12 px-2\">\n\n<\/div><\/div><\/div><section class=\"block   block--textes-images\n  bg-white\n\" data-scroll>\n  <div class=\"container-xxl\">\n    <div class=\"row\">\n      <div class=\"col-12 p-1 px-md-3 px-xxl-1\">\n        \n         \n<div class=\"row mt-6 mt-md-8\">\n\n  <div class=\"content-wrapper col-12 col-md-6 order-md-2 \">\n    <div class=\"content\">\n      <div class=\"splide main-carousel\">\n        <div class=\"splide__track\">\n          <ul class=\"splide__list\">\n                          <li class=\"splide__slide\">\n                <div class=\" px-3 px-md-5 px-md-6 pt-3 pt-md-5 pb-3 \">\n                      <h2 class=\"text-serif field-title\">Adone Arts<\/h2>\n  \n                      <div class=\"field-text\"><p>Teatro, mostre, opera o arte moderna: c&#8217;\u00e8 sempre qualcosa che sapr\u00e0 conquistarvi! Dal 2020, Adone organizza ogni mese per i propri collaboratori e collaboratrici uscite culturali pensate per stimolare la sensibilit\u00e0 artistica e condividere momenti unici!<\/p>\n<\/div>\n                                  \n                <\/div>\n              <\/li>\n                      <\/ul>\n        <\/div>\n      <\/div>\n      <div class=\"splide-pagination-custom d-none pb-3 justify-content-center align-items-center\">\n        <button type=\"button\" class=\"btn btn-link text-decoration-none p-1 text-red custom-prev-arrow\"> &lt; <\/button>\n        \n        <div class=\"pagination-numbers\">\n          <span class=\"current-index\">01<\/span> \/ <span class=\"total-slides\">01<\/span>\n        <\/div>\n\n        <button type=\"button\" class=\"btn btn-link text-decoration-none p-1 text-red custom-next-arrow\"> &gt; <\/button>\n      <\/div>\n    <\/div>\n  <\/div>\n\n  <div class=\"col-12 col-md-5 order-md-1\">\n    <div class=\"row d-flex justify-content-center align-items-start\">\n      <div class=\"splide thumbnail-carousel\">\n        <div class=\"splide__track\">\n          <ul class=\"splide__list\">\n                          <li class=\"splide__slide\">\n                \t\t\t\t\t\t\t\t\n\n  <div class=\"field-image text-md-end\">\n    <figure class=\"field-image--figure h-100 m-0\">\n      <img decoding=\"async\" src=\"https:\/\/www.adoneconseil.fr\/it\/wp-content\/uploads\/sites\/3\/2025\/11\/Image-1-1-scaled-1.jpg\" \n        class=\"img-fluid field-image--img\"\n         alt=\"Image d'illustration\"         title=\"Image (1) 1\"         width=\"2560\"         height=\"1920\"         srcset=\"https:\/\/www.adoneconseil.fr\/it\/wp-content\/uploads\/sites\/3\/2025\/11\/Image-1-1-scaled-1-400x300.jpg 400w, https:\/\/www.adoneconseil.fr\/it\/wp-content\/uploads\/sites\/3\/2025\/11\/Image-1-1-scaled-1-1024x768.jpg 1024w, https:\/\/www.adoneconseil.fr\/it\/wp-content\/uploads\/sites\/3\/2025\/11\/Image-1-1-scaled-1-1536x1152.jpg 1536w, https:\/\/www.adoneconseil.fr\/it\/wp-content\/uploads\/sites\/3\/2025\/11\/Image-1-1-scaled-1-2048x1536.jpg 2048w\"\t\t\n         sizes=\"(max-width: 2560px) 100vw, 2560px\"      \/>\n        <\/figure>\n      <\/div>\n              <\/li>\n                      <\/ul>\n        <\/div>\n      <\/div>\n    <\/div>\n  <\/div>\n\n<\/div>\n\n      <\/div>\n    <\/div>\n  <\/div>\n<\/section>\n<div class=\"container-xxl\"><div class=\"row\"><div class=\"col-12 px-2\">\n\n<\/div><\/div><\/div><section class=\"block   block--textes-images\n  bg-white\n\" data-scroll>\n  <div class=\"container-xxl\">\n    <div class=\"row\">\n      <div class=\"col-12 p-1 px-md-3 px-xxl-1\">\n        \n         \n<div class=\"row mt-6 mt-md-8\">\n\n  <div class=\"content-wrapper col-12 col-md-6 \">\n    <div class=\"content\">\n      <div class=\"splide main-carousel\">\n        <div class=\"splide__track\">\n          <ul class=\"splide__list\">\n                          <li class=\"splide__slide\">\n                <div class=\" px-3 px-md-5 px-md-6 pt-3 pt-md-5 pb-3 \">\n                      <h2 class=\"text-serif field-title\">AdonEvents<\/h2>\n  \n                      <div class=\"field-text\"><p>Da Adone, certo, c&#8217;\u00e8 il lavoro&#8230;ma, soprattutto, ci sono gli eventi interni! Afterwork, serate o seminari: l&#8217;anno \u00e8 scandito da momenti di condivisione pensati per tutti gli Adoniani.<\/p>\n<p>AdonEvents non \u00e8 solo un programma: \u00e8 l&#8217;espressione della convivalit\u00e0 e del buonumore, il riflesso autentico della nostra cultura aziendale.<\/p>\n<\/div>\n                                  \n                <\/div>\n              <\/li>\n                      <\/ul>\n        <\/div>\n      <\/div>\n      <div class=\"splide-pagination-custom d-none pb-3 justify-content-center align-items-center\">\n        <button type=\"button\" class=\"btn btn-link text-decoration-none p-1 text-red custom-prev-arrow\"> &lt; <\/button>\n        \n        <div class=\"pagination-numbers\">\n          <span class=\"current-index\">01<\/span> \/ <span class=\"total-slides\">01<\/span>\n        <\/div>\n\n        <button type=\"button\" class=\"btn btn-link text-decoration-none p-1 text-red custom-next-arrow\"> &gt; <\/button>\n      <\/div>\n    <\/div>\n  <\/div>\n\n  <div class=\"col-12 col-md-5\">\n    <div class=\"row d-flex justify-content-center align-items-start\">\n      <div class=\"splide thumbnail-carousel\">\n        <div class=\"splide__track\">\n          <ul class=\"splide__list\">\n                          <li class=\"splide__slide\">\n                \t\t\t\t\t\t\t\t\n\n  <div class=\"field-image \">\n    <figure class=\"field-image--figure h-100 m-0\">\n      <img decoding=\"async\" src=\"https:\/\/www.adoneconseil.fr\/it\/wp-content\/uploads\/sites\/3\/2025\/11\/AdonEvents-Soiree-ete.png\" \n        class=\"img-fluid field-image--img\"\n         alt=\"Image d'illustration\"         title=\"AdonEvents Soir\u00e9e \u00e9t\u00e9\"         width=\"1920\"         height=\"1080\"         srcset=\"\"\t\t\n         sizes=\"(max-width: 1920px) 100vw, 1920px\"      \/>\n        <\/figure>\n      <\/div>\n              <\/li>\n                      <\/ul>\n        <\/div>\n      <\/div>\n    <\/div>\n  <\/div>\n\n<\/div>\n\n      <\/div>\n    <\/div>\n  <\/div>\n<\/section>\n<div class=\"container-xxl\"><div class=\"row\"><div class=\"col-12 px-2\">\n\n<\/div><\/div><\/div><section class=\"block   block--contact\n\" data-scroll>\n  <div class=\"container-xxl\">\n    <div class=\"row\">\n      <div class=\"col-12 p-1 px-md-3 px-xxl-1\">\n        \n         \n\n  \n      <div class=\"row justify-content-center py-1\">\n                  <div class=\"col-12 col-sm-12 col-md-6 py-2 px-3\">\n\n                <h2 class=\"field-title text-center\">Hai delle competenze?<\/h2>\n\n                <div class=\"field-text text-center\"><p>Siamo sempre alla ricerca di talenti appassionati da inserire nei nostri team e lavorare su progetti stimolanti.<\/p>\n<\/div>\n\n\n\n            \t<div class=\"field-link text-center\">\n\t\t<a \n\t\t\thref=\"\/it\/lavoro\/\"\t\n\t\t\ttarget=\"\" \n\t\t\t class=\"btn btn-danger\" \t\t\t\t\t\t\t title=\"Unisciti ai nostri team\" \t\t\t\t\t\t\t\t\t\t\t>Unisciti ai nostri team<\/a>\n\t<\/div>\n \n\n          <\/div>\n              <\/div>\n\n\n\n      <\/div>\n    <\/div>\n  <\/div>\n<\/section>\n<div class=\"container-xxl\"><div class=\"row\"><div class=\"col-12 px-2\">\n\n<\/div><\/div><\/div><section class=\"block   block--texte-relation-articles\n\" data-scroll>\n  <div class=\"container-xxl\">\n    <div class=\"row\">\n      <div class=\"col-12 p-1 px-md-3 px-xxl-1\">\n                                                                                <h2 class=\"field-hn px-1 mb-1\">\n                  <span class=\"field-subtitle\">Notizie<\/span>\n                  <span class=\"field-title\">Adone Inside<\/span>\n            <\/h2>\n                  \n         \n\n  <ul class=\"row row--card mx-n1\">       \n          <li class=\"col-12 col-md-6 col-lg-4 col-xl-3 pb-2\">\n        <div class=\"card card--post\">  \n  <div class=\"card-image\">  \n            <figure class=\"field-image m-0\">\n    <img decoding=\"async\" \n      src=\"https:\/\/www.adoneconseil.fr\/it\/wp-content\/uploads\/sites\/3\/2026\/01\/Header-actualites-79-400x300.png\" \n    \t class=\"img-fluid\"        alt=\"Adone vi augura il meglio per il 2026!\"       title=\"Adone vi augura il meglio per il 2026!\"       width=\"400\"       height=\"300\"          \/>\n      <\/figure>\n      <\/div>\n            <p class=\"card-posttype card-posttype--internal\">Articolo interno<\/p>          \n    \n\n        <h2 class=\"card-title\">\n      <a href=\"https:\/\/www.adoneconseil.fr\/it\/articolo-interno\/adone-vi-augura-il-meglio-per-il-2026\/\" title=\"Adone vi augura il meglio per il 2026!\">Adone vi augura il meglio per il 2026!<\/a>\n    <\/h2>\n        <ul class=\"card-terms\">\n                        <li class=\"\">Corporate<\/li>\n                  <\/ul>\n   \n  <div class=\"card-footer\">\n    <a href=\"https:\/\/www.adoneconseil.fr\/it\/articolo-interno\/adone-vi-augura-il-meglio-per-il-2026\/\" title=\"Adone vi augura il meglio per il 2026!\">Maggiori info<\/a>\n  <\/div>\n<\/div>\n      <\/li>\n          <li class=\"col-12 col-md-6 col-lg-4 col-xl-3 pb-2\">\n        <div class=\"card card--post\">  \n  <div class=\"card-image\">  \n            <figure class=\"field-image m-0\">\n    <img decoding=\"async\" \n      src=\"https:\/\/www.adoneconseil.fr\/it\/wp-content\/uploads\/sites\/3\/2024\/12\/Header-Soukeina-Hassanaly-principal-400x300.png\" \n    \t class=\"img-fluid\"        alt=\"Nomination\u202f: Soukeina Nathoo Hassanaly est nomm\u00e9e Principal\"       title=\"Header-Soukeina-Hassanaly-principal\"       width=\"400\"       height=\"300\"          \/>\n      <\/figure>\n      <\/div>\n            <p class=\"card-posttype card-posttype--internal\">Articolo interno<\/p>          \n    \n\n        <h2 class=\"card-title\">\n      <a href=\"https:\/\/www.adoneconseil.fr\/it\/articolo-interno\/nomina-di-soukeina-nathoo-hassanaly-a-principal-2\/\" title=\"Nomina di Soukeina Nathoo Hassanaly a Principal\">Nomina di Soukeina Nathoo Hassanaly a Principal<\/a>\n    <\/h2>\n        <ul class=\"card-terms\">\n                                      <li class=\"\">Corporate<\/li>\n                  <\/ul>\n   \n  <div class=\"card-footer\">\n    <a href=\"https:\/\/www.adoneconseil.fr\/it\/articolo-interno\/nomina-di-soukeina-nathoo-hassanaly-a-principal-2\/\" title=\"Nomina di Soukeina Nathoo Hassanaly a Principal\">Maggiori info<\/a>\n  <\/div>\n<\/div>\n      <\/li>\n          <li class=\"col-12 col-md-6 col-lg-4 col-xl-3 pb-2\">\n        <div class=\"card card--post\">  \n  <div class=\"card-image\">  \n            <figure class=\"field-image m-0\">\n    <img decoding=\"async\" \n      src=\"https:\/\/www.adoneconseil.fr\/it\/wp-content\/uploads\/sites\/3\/2024\/12\/Header-Soukeina-Hassanaly-principal-1-400x300.png\" \n    \t class=\"img-fluid\"        alt=\"Carte de voeux 2025\"       title=\"Header-Soukeina-Hassanaly-principal\"       width=\"400\"       height=\"300\"          \/>\n      <\/figure>\n      <\/div>\n            <p class=\"card-posttype card-posttype--internal\">Articolo interno<\/p>          \n    \n\n        <h2 class=\"card-title\">\n      <a href=\"https:\/\/www.adoneconseil.fr\/it\/articolo-interno\/adone-vi-augura-il-meglio-per-il-2025-3\/\" title=\"Adone vi augura il meglio per il 2025!\">Adone vi augura il meglio per il 2025!<\/a>\n    <\/h2>\n        <ul class=\"card-terms\">\n                                      <li class=\"\">Corporate<\/li>\n                                <\/ul>\n   \n  <div class=\"card-footer\">\n    <a href=\"https:\/\/www.adoneconseil.fr\/it\/articolo-interno\/adone-vi-augura-il-meglio-per-il-2025-3\/\" title=\"Adone vi augura il meglio per il 2025!\">Maggiori info<\/a>\n  <\/div>\n<\/div>\n      <\/li>\n          <li class=\"col-12 col-md-6 col-lg-4 col-xl-3 pb-2\">\n        <div class=\"card card--post\">  \n  <div class=\"card-image\">  \n            <figure class=\"field-image m-0\">\n    <img decoding=\"async\" \n      src=\"https:\/\/www.adoneconseil.fr\/it\/wp-content\/uploads\/sites\/3\/2024\/10\/COPIED1-400x300.png\" \n    \t class=\"img-fluid\"        alt=\"Adone ha fornito il coordinamento digitale per uno showroom di un cliente durante la Settiman della moda\"       title=\"Dietro le quinte di un incarico Adone Conseil\"       width=\"400\"       height=\"300\"          \/>\n      <\/figure>\n      <\/div>\n            <p class=\"card-posttype card-posttype--internal\">Articolo interno<\/p>          \n    \n\n        <h2 class=\"card-title\">\n      <a href=\"https:\/\/www.adoneconseil.fr\/it\/articolo-interno\/dietro-le-quinte-di-uno-showroom-di-clienti-durante-la-settimana-della-moda\/\" title=\"Dietro le quinte di uno showroom di clienti durante la Settimana della Moda\">Dietro le quinte di uno showroom di clienti durante la Settimana della Moda<\/a>\n    <\/h2>\n        <ul class=\"card-terms\">\n                                      <li class=\"\">Carriera<\/li>\n                                                            <\/ul>\n   \n  <div class=\"card-footer\">\n    <a href=\"https:\/\/www.adoneconseil.fr\/it\/articolo-interno\/dietro-le-quinte-di-uno-showroom-di-clienti-durante-la-settimana-della-moda\/\" title=\"Dietro le quinte di uno showroom di clienti durante la Settimana della Moda\">Maggiori info<\/a>\n  <\/div>\n<\/div>\n      <\/li>\n      <\/ul>  \n\n  \n      <\/div>\n    <\/div>\n  <\/div>\n<\/section>\n<div class=\"container-xxl\"><div class=\"row\"><div class=\"col-12 px-2\">\n\n<\/div><\/div><\/div>\n<div style=\"height:100px\" aria-hidden=\"true\" class=\"wp-block-spacer\"><\/div>\n","protected":false},"excerpt":{"rendered":"<p>Adone \u00e8 molto pi\u00f9 di una societ\u00e0 di consulenza: \u00e8 anche l\u2019insieme dei programmi interni che incarnano i fondamenti della nostra cultura aziendale (convivialit\u00e0, solidariet\u00e0 e benessere) e delle iniziative promosse dalle nostre collaboratrici e dai nostri collaboratori di Parigi, Ginevra, Milano e Londra, che contribuiscono a far crescere il gruppo giorno dopo giorno. Non [&hellip;]<\/p>\n","protected":false},"author":2,"featured_media":0,"parent":839,"menu_order":0,"comment_status":"closed","ping_status":"closed","template":"","meta":{"_acf_changed":false,"footnotes":""},"class_list":["post-845","page","type-page","status-publish","hentry"],"acf":[],"yoast_head":"<!-- This site is optimized with the Yoast SEO plugin v26.7 - https:\/\/yoast.com\/wordpress\/plugins\/seo\/ -->\n<title>I nostri programmi interni - Adone Conseil<\/title>\n<meta name=\"description\" content=\"Adone \u00e8 molto pi\u00f9 di una societ\u00e0 di consulenza: \u00e8 anche l\u2019insieme dei programmi interni che incarnano i fondamenti della nostra cultura aziendale.\" \/>\n<meta name=\"robots\" content=\"index, follow, max-snippet:-1, max-image-preview:large, max-video-preview:-1\" \/>\n<link rel=\"canonical\" href=\"https:\/\/www.adoneconseil.fr\/it\/la-vita-interna-dellazienda\/i-nostri-programmi-interni\/\" \/>\n<meta property=\"og:locale\" content=\"it_IT\" \/>\n<meta property=\"og:type\" content=\"article\" \/>\n<meta property=\"og:title\" content=\"I nostri programmi interni - Adone Conseil\" \/>\n<meta property=\"og:description\" content=\"Adone \u00e8 molto pi\u00f9 di una societ\u00e0 di consulenza: \u00e8 anche l\u2019insieme dei programmi interni che incarnano i fondamenti della nostra cultura aziendale.\" \/>\n<meta property=\"og:url\" content=\"https:\/\/www.adoneconseil.fr\/it\/la-vita-interna-dellazienda\/i-nostri-programmi-interni\/\" \/>\n<meta property=\"og:site_name\" content=\"Adone Conseil\" \/>\n<meta property=\"article:modified_time\" content=\"2026-01-19T16:22:53+00:00\" \/>\n<meta name=\"twitter:card\" content=\"summary_large_image\" \/>\n<meta name=\"twitter:label1\" content=\"Tempo di lettura stimato\" \/>\n\t<meta name=\"twitter:data1\" content=\"1 minuto\" \/>\n<script type=\"application\/ld+json\" class=\"yoast-schema-graph\">{\"@context\":\"https:\/\/schema.org\",\"@graph\":[{\"@type\":\"WebPage\",\"@id\":\"https:\/\/www.adoneconseil.fr\/it\/la-vita-interna-dellazienda\/i-nostri-programmi-interni\/\",\"url\":\"https:\/\/www.adoneconseil.fr\/it\/la-vita-interna-dellazienda\/i-nostri-programmi-interni\/\",\"name\":\"I nostri programmi interni - Adone Conseil\",\"isPartOf\":{\"@id\":\"https:\/\/www.adoneconseil.fr\/it\/#website\"},\"datePublished\":\"2025-08-20T15:31:28+00:00\",\"dateModified\":\"2026-01-19T16:22:53+00:00\",\"description\":\"Adone \u00e8 molto pi\u00f9 di una societ\u00e0 di consulenza: \u00e8 anche l\u2019insieme dei programmi interni che incarnano i fondamenti della nostra cultura aziendale.\",\"breadcrumb\":{\"@id\":\"https:\/\/www.adoneconseil.fr\/it\/la-vita-interna-dellazienda\/i-nostri-programmi-interni\/#breadcrumb\"},\"inLanguage\":\"it-IT\",\"potentialAction\":[{\"@type\":\"ReadAction\",\"target\":[\"https:\/\/www.adoneconseil.fr\/it\/la-vita-interna-dellazienda\/i-nostri-programmi-interni\/\"]}]},{\"@type\":\"BreadcrumbList\",\"@id\":\"https:\/\/www.adoneconseil.fr\/it\/la-vita-interna-dellazienda\/i-nostri-programmi-interni\/#breadcrumb\",\"itemListElement\":[{\"@type\":\"ListItem\",\"position\":1,\"name\":\"Home\",\"item\":\"https:\/\/www.adoneconseil.fr\/it\/\"},{\"@type\":\"ListItem\",\"position\":2,\"name\":\"La vita interna dell&#8217;azienda\",\"item\":\"https:\/\/www.adoneconseil.fr\/it\/la-vita-interna-dellazienda\/\"},{\"@type\":\"ListItem\",\"position\":3,\"name\":\"I nostri programmi interni\"}]},{\"@type\":\"WebSite\",\"@id\":\"https:\/\/www.adoneconseil.fr\/it\/#website\",\"url\":\"https:\/\/www.adoneconseil.fr\/it\/\",\"name\":\"Adone Conseil\",\"description\":\"\",\"potentialAction\":[{\"@type\":\"SearchAction\",\"target\":{\"@type\":\"EntryPoint\",\"urlTemplate\":\"https:\/\/www.adoneconseil.fr\/it\/?s={search_term_string}\"},\"query-input\":{\"@type\":\"PropertyValueSpecification\",\"valueRequired\":true,\"valueName\":\"search_term_string\"}}],\"inLanguage\":\"it-IT\"}]}<\/script>\n<!-- \/ Yoast SEO plugin. -->","yoast_head_json":{"title":"I nostri programmi interni - Adone Conseil","description":"Adone \u00e8 molto pi\u00f9 di una societ\u00e0 di consulenza: \u00e8 anche l\u2019insieme dei programmi interni che incarnano i fondamenti della nostra cultura aziendale.","robots":{"index":"index","follow":"follow","max-snippet":"max-snippet:-1","max-image-preview":"max-image-preview:large","max-video-preview":"max-video-preview:-1"},"canonical":"https:\/\/www.adoneconseil.fr\/it\/la-vita-interna-dellazienda\/i-nostri-programmi-interni\/","og_locale":"it_IT","og_type":"article","og_title":"I nostri programmi interni - Adone Conseil","og_description":"Adone \u00e8 molto pi\u00f9 di una societ\u00e0 di consulenza: \u00e8 anche l\u2019insieme dei programmi interni che incarnano i fondamenti della nostra cultura aziendale.","og_url":"https:\/\/www.adoneconseil.fr\/it\/la-vita-interna-dellazienda\/i-nostri-programmi-interni\/","og_site_name":"Adone Conseil","article_modified_time":"2026-01-19T16:22:53+00:00","twitter_card":"summary_large_image","twitter_misc":{"Tempo di lettura stimato":"1 minuto"},"schema":{"@context":"https:\/\/schema.org","@graph":[{"@type":"WebPage","@id":"https:\/\/www.adoneconseil.fr\/it\/la-vita-interna-dellazienda\/i-nostri-programmi-interni\/","url":"https:\/\/www.adoneconseil.fr\/it\/la-vita-interna-dellazienda\/i-nostri-programmi-interni\/","name":"I nostri programmi interni - Adone Conseil","isPartOf":{"@id":"https:\/\/www.adoneconseil.fr\/it\/#website"},"datePublished":"2025-08-20T15:31:28+00:00","dateModified":"2026-01-19T16:22:53+00:00","description":"Adone \u00e8 molto pi\u00f9 di una societ\u00e0 di consulenza: \u00e8 anche l\u2019insieme dei programmi interni che incarnano i fondamenti della nostra cultura aziendale.","breadcrumb":{"@id":"https:\/\/www.adoneconseil.fr\/it\/la-vita-interna-dellazienda\/i-nostri-programmi-interni\/#breadcrumb"},"inLanguage":"it-IT","potentialAction":[{"@type":"ReadAction","target":["https:\/\/www.adoneconseil.fr\/it\/la-vita-interna-dellazienda\/i-nostri-programmi-interni\/"]}]},{"@type":"BreadcrumbList","@id":"https:\/\/www.adoneconseil.fr\/it\/la-vita-interna-dellazienda\/i-nostri-programmi-interni\/#breadcrumb","itemListElement":[{"@type":"ListItem","position":1,"name":"Home","item":"https:\/\/www.adoneconseil.fr\/it\/"},{"@type":"ListItem","position":2,"name":"La vita interna dell&#8217;azienda","item":"https:\/\/www.adoneconseil.fr\/it\/la-vita-interna-dellazienda\/"},{"@type":"ListItem","position":3,"name":"I nostri programmi interni"}]},{"@type":"WebSite","@id":"https:\/\/www.adoneconseil.fr\/it\/#website","url":"https:\/\/www.adoneconseil.fr\/it\/","name":"Adone Conseil","description":"","potentialAction":[{"@type":"SearchAction","target":{"@type":"EntryPoint","urlTemplate":"https:\/\/www.adoneconseil.fr\/it\/?s={search_term_string}"},"query-input":{"@type":"PropertyValueSpecification","valueRequired":true,"valueName":"search_term_string"}}],"inLanguage":"it-IT"}]}},"_links":{"self":[{"href":"https:\/\/www.adoneconseil.fr\/it\/wp-json\/wp\/v2\/pages\/845","targetHints":{"allow":["GET"]}}],"collection":[{"href":"https:\/\/www.adoneconseil.fr\/it\/wp-json\/wp\/v2\/pages"}],"about":[{"href":"https:\/\/www.adoneconseil.fr\/it\/wp-json\/wp\/v2\/types\/page"}],"author":[{"embeddable":true,"href":"https:\/\/www.adoneconseil.fr\/it\/wp-json\/wp\/v2\/users\/2"}],"replies":[{"embeddable":true,"href":"https:\/\/www.adoneconseil.fr\/it\/wp-json\/wp\/v2\/comments?post=845"}],"version-history":[{"count":9,"href":"https:\/\/www.adoneconseil.fr\/it\/wp-json\/wp\/v2\/pages\/845\/revisions"}],"predecessor-version":[{"id":45955,"href":"https:\/\/www.adoneconseil.fr\/it\/wp-json\/wp\/v2\/pages\/845\/revisions\/45955"}],"up":[{"embeddable":true,"href":"https:\/\/www.adoneconseil.fr\/it\/wp-json\/wp\/v2\/pages\/839"}],"wp:attachment":[{"href":"https:\/\/www.adoneconseil.fr\/it\/wp-json\/wp\/v2\/media?parent=845"}],"curies":[{"name":"wp","href":"https:\/\/api.w.org\/{rel}","templated":true}]}}