{"id":843,"date":"2025-08-20T17:30:50","date_gmt":"2025-08-20T15:30:50","guid":{"rendered":"https:\/\/www.adoneconseil.fr\/?page_id=843"},"modified":"2026-01-19T17:15:54","modified_gmt":"2026-01-19T16:15:54","slug":"convivialita","status":"publish","type":"page","link":"https:\/\/www.adoneconseil.fr\/it\/la-vita-interna-dellazienda\/convivialita\/","title":{"rendered":"Convivialit\u00e0"},"content":{"rendered":"<div class=\"container-xxl\"><div class=\"row\"><div class=\"col-12 py-1 px-2\"><div class=\"wp-block-paragraph\">\n<p class=\"has-text-align-center\">La vita interna di Adone \u00e8 scandita da momenti di scambio e condivisione, che promuovono una crescita comune e facilitano l\u2019inserimento dei nuovi collaboratori.<\/p>\n<\/div><\/div><\/div><\/div><div class=\"container-xxl\"><div class=\"row\"><div class=\"col-12 px-2\">\n\n<\/div><\/div><\/div><section class=\"block   block--texte-image-video\n\" data-scroll>\n  <div class=\"container-xxl\">\n    <div class=\"row\">\n      <div class=\"col-12 p-1 px-md-3 px-xxl-1\">\n                                                      <h2 class=\"field-hn px-1 mb-1\">\n                  <span class=\"field-subtitle\">Il <\/span>\n                  <span class=\"field-title\">seminario annuale<\/span>\n            <\/h2>\n                  \n         \n<div class=\"row mt-6 mt-md-8\">\n   <div class=\"content-wrapper col-md-6\">\n    <div class=\"content p-3 px-md-6 py-md-5 bg-gray-100 h-100\">\n          <div class=\"field-text\"><p>Da Adone,<strong> i successi si festeggiano e l\u2019impegno viene premiato!<\/strong><\/p>\n<p>Da oltre 10 anni, ogni anno tutti i collaboratori sono invitati a trascorrere un fine settimana insieme, verso una destinazione a sorpresa. Sardegna, La Baule, \u00c9vian-les-Bains o la Presqu\u2019\u00eele de Giens: ogni anno la convivialit\u00e0 \u00e8 vissuta in un clima di evasione dalla quotidianit\u00e0.<\/p>\n<p>Riviviamo, tra immagini e sole, il nostro seminario a <strong>Poltu Quatu in Sardegna<\/strong>, per celebrare i 15 anni di Adone.<\/p>\n<\/div>\n               \n    <\/div>\n  <\/div>\n  \n  <div class=\"col-md-6\">\n          \t\t\t\t<div class=\"field-video ratio ratio-16x9 \">\n\t\t\t<lite-youtube videoid=\"Sqc09vfKvHE\" \n\t\t\t\tplaylabel=\"Vid\u00e9o Sqc09vfKvHE\" \n\t\t\t\tdata-name=\"clic_video\" \n\t\t\t\t\t\t\t><\/lite-youtube>\n\t\t<\/div>\n\t\n      \n\n\n\n\n<script type=\"application\/ld+json\">\n\t{\n    \"@context\": \"https:\/\/schema.org\",\n    \"@type\": \"VideoObject\",\n    \"name\": null,\n    \"thumbnailUrl\": [\n        null\n    ],\n    \"embedUrl\": \"https:\/\/i.ytimg.com\/vi_webp\/Sqc09vfKvHE\/sddefault.webp\"\n} \n<\/script>\n    \n      <\/div>\n<\/div>\n\n      <\/div>\n    <\/div>\n  <\/div>\n<\/section>\n<div class=\"container-xxl\"><div class=\"row\"><div class=\"col-12 px-2\">\n\n<\/div><\/div><\/div><section class=\"block   block--trombinoscope\n\" data-scroll>\n  <div class=\"container-xxl\">\n    <div class=\"row\">\n      <div class=\"col-12 p-1 px-md-3 px-xxl-1\">\n        \n         \n\n          <div class=\"row justify-content-center py-1\">\n                  <div class=\"col-12 col-sm-6 col-md-4 col-lg-3 py-2 px-3\">\n              <div class=\"card\">\n\n        <figure class=\"field-image\">\n    <img decoding=\"async\" \n      src=\"https:\/\/www.adoneconseil.fr\/it\/wp-content\/uploads\/sites\/3\/2026\/01\/Capture-decran-2026-01-16-122849.png\" \n    \t class=\"img-fluid\"        alt=\"Image d'illustration\"       title=\"Sardaigne\"       width=\"1573\"       height=\"953\"          \/>\n      <\/figure>\n  \n          <h3 class=\"field-title\">2022<\/h3>\n\n          <p class=\"field-text\">Poltu Quatu &#8211; Sardegna<\/p>\n  \n      \n  <\/div>\n          <\/div>\n                  <div class=\"col-12 col-sm-6 col-md-4 col-lg-3 py-2 px-3\">\n              <div class=\"card\">\n\n        <figure class=\"field-image\">\n    <img decoding=\"async\" \n      src=\"https:\/\/www.adoneconseil.fr\/it\/wp-content\/uploads\/sites\/3\/2026\/01\/giens.png\" \n    \t class=\"img-fluid\"        alt=\"Image d'illustration\"       title=\"giens\"       width=\"1521\"       height=\"920\"          \/>\n      <\/figure>\n  \n          <h3 class=\"field-title\">2023<\/h3>\n\n          <p class=\"field-text\">Presqu&#8217;\u00eele de Giens<\/p>\n  \n      \n  <\/div>\n          <\/div>\n                  <div class=\"col-12 col-sm-6 col-md-4 col-lg-3 py-2 px-3\">\n              <div class=\"card\">\n\n        <figure class=\"field-image\">\n    <img decoding=\"async\" \n      src=\"https:\/\/www.adoneconseil.fr\/it\/wp-content\/uploads\/sites\/3\/2026\/01\/La-baule.png\" \n    \t class=\"img-fluid\"        alt=\"Image d'illustration\"       title=\"La baule\"       width=\"1572\"       height=\"947\"          \/>\n      <\/figure>\n  \n          <h3 class=\"field-title\">2024<\/h3>\n\n          <p class=\"field-text\">La Baule<\/p>\n  \n      \n  <\/div>\n          <\/div>\n                  <div class=\"col-12 col-sm-6 col-md-4 col-lg-3 py-2 px-3\">\n              <div class=\"card\">\n\n        <figure class=\"field-image\">\n    <img decoding=\"async\" \n      src=\"https:\/\/www.adoneconseil.fr\/it\/wp-content\/uploads\/sites\/3\/2025\/11\/Nos-programmes-internes-Voile.png\" \n    \t class=\"img-fluid\"        alt=\"Nos programmes internes - Voile\"       title=\"Nos programmes internes - Voile\"       width=\"1920\"       height=\"1080\"          \/>\n      <\/figure>\n  \n          <h3 class=\"field-title\">2025<\/h3>\n\n          <p class=\"field-text\">Evian-Les-Bains<\/p>\n  \n      \n  <\/div>\n          <\/div>\n              <\/div>\n    \n\n      <\/div>\n    <\/div>\n  <\/div>\n<\/section>\n<div class=\"container-xxl\"><div class=\"row\"><div class=\"col-12 px-2\">\n\n<\/div><\/div><\/div><section class=\"block   block--textes-images\n  bg-gray-300\n\" data-scroll>\n  <div class=\"container-xxl\">\n    <div class=\"row\">\n      <div class=\"col-12 p-1 px-md-3 px-xxl-1\">\n                                                                                <h2 class=\"field-hn px-1 mb-1\">\n                  <span class=\"field-subtitle\">Le nostre<\/span>\n                  <span class=\"field-title\">convention interne<\/span>\n            <\/h2>\n                  \n         \n<div class=\"row mt-6 mt-md-8\">\n\n  <div class=\"content-wrapper col-12 col-md-6 order-md-2 \">\n    <div class=\"content\">\n      <div class=\"splide main-carousel\">\n        <div class=\"splide__track\">\n          <ul class=\"splide__list\">\n                          <li class=\"splide__slide\">\n                <div class=\" px-3 px-md-5 px-md-6 pt-3 pt-md-5 pb-3 \">\n                    \n                      <div class=\"field-text\"><p>Da diversi anni organizziamo le nostre convention interne per condividere i messaggi chiave della strategia della societ\u00e0 e vivere insieme momenti di autentica convivialit\u00e0.<\/p>\n<p>Questo appuntamento annuale, diventato ormai un punto di riferimento, \u00e8 l\u2019occasione per ritrovarci e confrontarci sul futuro dell&#8217;azienda.<\/p>\n<\/div>\n                                  \n                <\/div>\n              <\/li>\n                      <\/ul>\n        <\/div>\n      <\/div>\n      <div class=\"splide-pagination-custom d-none pb-3 justify-content-center align-items-center\">\n        <button type=\"button\" class=\"btn btn-link text-decoration-none p-1 text-red custom-prev-arrow\"> &lt; <\/button>\n        \n        <div class=\"pagination-numbers\">\n          <span class=\"current-index\">01<\/span> \/ <span class=\"total-slides\">01<\/span>\n        <\/div>\n\n        <button type=\"button\" class=\"btn btn-link text-decoration-none p-1 text-red custom-next-arrow\"> &gt; <\/button>\n      <\/div>\n    <\/div>\n  <\/div>\n\n  <div class=\"col-12 col-md-5 order-md-1\">\n    <div class=\"row d-flex justify-content-center align-items-start\">\n      <div class=\"splide thumbnail-carousel\">\n        <div class=\"splide__track\">\n          <ul class=\"splide__list\">\n                          <li class=\"splide__slide\">\n                \t\t\t\t\t\t\t\t\n\n  <div class=\"field-image text-md-end\">\n    <figure class=\"field-image--figure h-100 m-0\">\n      <img decoding=\"async\" src=\"https:\/\/www.adoneconseil.fr\/it\/wp-content\/uploads\/sites\/3\/2026\/01\/Capture-decran-2026-01-16-140701-e1768572407871.png\" \n        class=\"img-fluid field-image--img\"\n         alt=\"Convention 2024\"         title=\"Convention 2024\"         width=\"1113\"         height=\"653\"         srcset=\"\"\t\t\n         sizes=\"(max-width: 1113px) 100vw, 1113px\"      \/>\n        <\/figure>\n      <\/div>\n              <\/li>\n                      <\/ul>\n        <\/div>\n      <\/div>\n    <\/div>\n  <\/div>\n\n<\/div>\n\n      <\/div>\n    <\/div>\n  <\/div>\n<\/section>\n<div class=\"container-xxl\"><div class=\"row\"><div class=\"col-12 px-2\">\n\n<\/div><\/div><\/div><section class=\"block   block--textes-images\n  bg-white\n\" data-scroll>\n  <div class=\"container-xxl\">\n    <div class=\"row\">\n      <div class=\"col-12 p-1 px-md-3 px-xxl-1\">\n                                                                                <h2 class=\"field-hn px-1 mb-1\">\n                  <span class=\"field-subtitle\">I nostri<\/span>\n                  <span class=\"field-title\">afterwork<\/span>\n            <\/h2>\n                  \n         \n<div class=\"row mt-6 mt-md-8\">\n\n  <div class=\"content-wrapper col-12 col-md-6 \">\n    <div class=\"content\">\n      <div class=\"splide main-carousel\">\n        <div class=\"splide__track\">\n          <ul class=\"splide__list\">\n                          <li class=\"splide__slide\">\n                <div class=\" px-3 px-md-5 px-md-6 pt-3 pt-md-5 pb-3 \">\n                    \n                      <div class=\"field-text\"><p>Fin dalla fondazione di Adone, la convivialit\u00e0 e il piacere di lavorare insieme rappresentano un valore fondamentale e uno dei principali fattori del nostro successo.<\/p>\n<p>Gli afterwork mensili sono appuntamenti ormai imprescindibili per i consulenti: favoriscono l\u2019integrazione dei nuovi arrivati e offrono l\u2019opportunit\u00e0 di uscire dal contesto dei progetti cliente per aprirsi al confronto e alla condivisione.<br \/>\nDue volte all\u2019anno, inoltre, in estate e in inverno, organizziamo serate esclusive in location di prestigio.<\/p>\n<\/div>\n                                  \n                <\/div>\n              <\/li>\n                      <\/ul>\n        <\/div>\n      <\/div>\n      <div class=\"splide-pagination-custom d-none pb-3 justify-content-center align-items-center\">\n        <button type=\"button\" class=\"btn btn-link text-decoration-none p-1 text-red custom-prev-arrow\"> &lt; <\/button>\n        \n        <div class=\"pagination-numbers\">\n          <span class=\"current-index\">01<\/span> \/ <span class=\"total-slides\">01<\/span>\n        <\/div>\n\n        <button type=\"button\" class=\"btn btn-link text-decoration-none p-1 text-red custom-next-arrow\"> &gt; <\/button>\n      <\/div>\n    <\/div>\n  <\/div>\n\n  <div class=\"col-12 col-md-5\">\n    <div class=\"row d-flex justify-content-center align-items-start\">\n      <div class=\"splide thumbnail-carousel\">\n        <div class=\"splide__track\">\n          <ul class=\"splide__list\">\n                          <li class=\"splide__slide\">\n                \t\t\t\t\t\t\t\t\n\n  <div class=\"field-image \">\n    <figure class=\"field-image--figure h-100 m-0\">\n      <img decoding=\"async\" src=\"https:\/\/www.adoneconseil.fr\/it\/wp-content\/uploads\/sites\/3\/2025\/11\/AdonEvents-Soiree-ete.png\" \n        class=\"img-fluid field-image--img\"\n         alt=\"Image d'illustration\"         title=\"AdonEvents Soir\u00e9e \u00e9t\u00e9\"         width=\"1920\"         height=\"1080\"         srcset=\"\"\t\t\n         sizes=\"(max-width: 1920px) 100vw, 1920px\"      \/>\n        <\/figure>\n      <\/div>\n              <\/li>\n                      <\/ul>\n        <\/div>\n      <\/div>\n    <\/div>\n  <\/div>\n\n<\/div>\n\n      <\/div>\n    <\/div>\n  <\/div>\n<\/section>\n<div class=\"container-xxl\"><div class=\"row\"><div class=\"col-12 px-2\">\n\n<\/div><\/div><\/div><section class=\"block   block--contact\n\" data-scroll>\n  <div class=\"container-xxl\">\n    <div class=\"row\">\n      <div class=\"col-12 p-1 px-md-3 px-xxl-1\">\n        \n         \n\n  \n      <div class=\"row justify-content-center py-1\">\n                  <div class=\"col-12 col-sm-12 col-md-6 py-2 px-3\">\n\n                <h2 class=\"field-title text-center\">Sei alla ricerca di una nuova opportunit\u00e0 professionale? Entra a far parte di Adone!<\/h2>\n\n            \n\n\n            \t<div class=\"field-link text-center\">\n\t\t<a \n\t\t\thref=\"\/offre-emploi\/\"\t\n\t\t\ttarget=\"\" \n\t\t\t class=\"btn btn-danger\" \t\t\t\t\t\t\t title=\"Unisciti ai nostri team\" \t\t\t\t\t\t\t\t\t\t\t>Unisciti ai nostri team<\/a>\n\t<\/div>\n \n\n          <\/div>\n              <\/div>\n\n\n\n      <\/div>\n    <\/div>\n  <\/div>\n<\/section>\n<div class=\"container-xxl\"><div class=\"row\"><div class=\"col-12 px-2\">\n\n<\/div><\/div><\/div><section class=\"block   block--texte-relation-articles\n\" data-scroll>\n  <div class=\"container-xxl\">\n    <div class=\"row\">\n      <div class=\"col-12 p-1 px-md-3 px-xxl-1\">\n                                                                                <h2 class=\"field-hn px-1 mb-1\">\n                  <span class=\"field-subtitle\">Notizie<\/span>\n                  <span class=\"field-title\">Adone Inside<\/span>\n            <\/h2>\n                  \n         \n\n  <ul class=\"row row--card mx-n1\">       \n          <li class=\"col-12 col-md-6 col-lg-4 col-xl-3 pb-2\">\n        <div class=\"card card--post\">  \n  <div class=\"card-image\">  \n            <figure class=\"field-image m-0\">\n    <img decoding=\"async\" \n      src=\"https:\/\/www.adoneconseil.fr\/it\/wp-content\/uploads\/sites\/3\/2026\/01\/Header-actualites-79-400x300.png\" \n    \t class=\"img-fluid\"        alt=\"Adone vi augura il meglio per il 2026!\"       title=\"Adone vi augura il meglio per il 2026!\"       width=\"400\"       height=\"300\"          \/>\n      <\/figure>\n      <\/div>\n            <p class=\"card-posttype card-posttype--internal\">Articolo interno<\/p>          \n    \n\n        <h2 class=\"card-title\">\n      <a href=\"https:\/\/www.adoneconseil.fr\/it\/articolo-interno\/adone-vi-augura-il-meglio-per-il-2026\/\" title=\"Adone vi augura il meglio per il 2026!\">Adone vi augura il meglio per il 2026!<\/a>\n    <\/h2>\n        <ul class=\"card-terms\">\n                        <li class=\"\">Corporate<\/li>\n                  <\/ul>\n   \n  <div class=\"card-footer\">\n    <a href=\"https:\/\/www.adoneconseil.fr\/it\/articolo-interno\/adone-vi-augura-il-meglio-per-il-2026\/\" title=\"Adone vi augura il meglio per il 2026!\">Maggiori info<\/a>\n  <\/div>\n<\/div>\n      <\/li>\n          <li class=\"col-12 col-md-6 col-lg-4 col-xl-3 pb-2\">\n        <div class=\"card card--post\">  \n  <div class=\"card-image\">  \n            <figure class=\"field-image m-0\">\n    <img decoding=\"async\" \n      src=\"https:\/\/www.adoneconseil.fr\/it\/wp-content\/uploads\/sites\/3\/2024\/12\/Header-Soukeina-Hassanaly-principal-400x300.png\" \n    \t class=\"img-fluid\"        alt=\"Nomination\u202f: Soukeina Nathoo Hassanaly est nomm\u00e9e Principal\"       title=\"Header-Soukeina-Hassanaly-principal\"       width=\"400\"       height=\"300\"          \/>\n      <\/figure>\n      <\/div>\n            <p class=\"card-posttype card-posttype--internal\">Articolo interno<\/p>          \n    \n\n        <h2 class=\"card-title\">\n      <a href=\"https:\/\/www.adoneconseil.fr\/it\/articolo-interno\/nomina-di-soukeina-nathoo-hassanaly-a-principal-2\/\" title=\"Nomina di Soukeina Nathoo Hassanaly a Principal\">Nomina di Soukeina Nathoo Hassanaly a Principal<\/a>\n    <\/h2>\n        <ul class=\"card-terms\">\n                                      <li class=\"\">Corporate<\/li>\n                  <\/ul>\n   \n  <div class=\"card-footer\">\n    <a href=\"https:\/\/www.adoneconseil.fr\/it\/articolo-interno\/nomina-di-soukeina-nathoo-hassanaly-a-principal-2\/\" title=\"Nomina di Soukeina Nathoo Hassanaly a Principal\">Maggiori info<\/a>\n  <\/div>\n<\/div>\n      <\/li>\n          <li class=\"col-12 col-md-6 col-lg-4 col-xl-3 pb-2\">\n        <div class=\"card card--post\">  \n  <div class=\"card-image\">  \n            <figure class=\"field-image m-0\">\n    <img decoding=\"async\" \n      src=\"https:\/\/www.adoneconseil.fr\/it\/wp-content\/uploads\/sites\/3\/2024\/12\/Header-Soukeina-Hassanaly-principal-1-400x300.png\" \n    \t class=\"img-fluid\"        alt=\"Carte de voeux 2025\"       title=\"Header-Soukeina-Hassanaly-principal\"       width=\"400\"       height=\"300\"          \/>\n      <\/figure>\n      <\/div>\n            <p class=\"card-posttype card-posttype--internal\">Articolo interno<\/p>          \n    \n\n        <h2 class=\"card-title\">\n      <a href=\"https:\/\/www.adoneconseil.fr\/it\/articolo-interno\/adone-vi-augura-il-meglio-per-il-2025-3\/\" title=\"Adone vi augura il meglio per il 2025!\">Adone vi augura il meglio per il 2025!<\/a>\n    <\/h2>\n        <ul class=\"card-terms\">\n                                      <li class=\"\">Corporate<\/li>\n                                <\/ul>\n   \n  <div class=\"card-footer\">\n    <a href=\"https:\/\/www.adoneconseil.fr\/it\/articolo-interno\/adone-vi-augura-il-meglio-per-il-2025-3\/\" title=\"Adone vi augura il meglio per il 2025!\">Maggiori info<\/a>\n  <\/div>\n<\/div>\n      <\/li>\n          <li class=\"col-12 col-md-6 col-lg-4 col-xl-3 pb-2\">\n        <div class=\"card card--post\">  \n  <div class=\"card-image\">  \n            <figure class=\"field-image m-0\">\n    <img decoding=\"async\" \n      src=\"https:\/\/www.adoneconseil.fr\/it\/wp-content\/uploads\/sites\/3\/2024\/10\/COPIED1-400x300.png\" \n    \t class=\"img-fluid\"        alt=\"Adone ha fornito il coordinamento digitale per uno showroom di un cliente durante la Settiman della moda\"       title=\"Dietro le quinte di un incarico Adone Conseil\"       width=\"400\"       height=\"300\"          \/>\n      <\/figure>\n      <\/div>\n            <p class=\"card-posttype card-posttype--internal\">Articolo interno<\/p>          \n    \n\n        <h2 class=\"card-title\">\n      <a href=\"https:\/\/www.adoneconseil.fr\/it\/articolo-interno\/dietro-le-quinte-di-uno-showroom-di-clienti-durante-la-settimana-della-moda\/\" title=\"Dietro le quinte di uno showroom di clienti durante la Settimana della Moda\">Dietro le quinte di uno showroom di clienti durante la Settimana della Moda<\/a>\n    <\/h2>\n        <ul class=\"card-terms\">\n                                      <li class=\"\">Carriera<\/li>\n                                                            <\/ul>\n   \n  <div class=\"card-footer\">\n    <a href=\"https:\/\/www.adoneconseil.fr\/it\/articolo-interno\/dietro-le-quinte-di-uno-showroom-di-clienti-durante-la-settimana-della-moda\/\" title=\"Dietro le quinte di uno showroom di clienti durante la Settimana della Moda\">Maggiori info<\/a>\n  <\/div>\n<\/div>\n      <\/li>\n      <\/ul>  \n\n  \n      <\/div>\n    <\/div>\n  <\/div>\n<\/section>\n","protected":false},"excerpt":{"rendered":"<p>La vita interna di Adone \u00e8 scandita da momenti di scambio e condivisione, che promuovono una crescita comune e facilitano l\u2019inserimento dei nuovi collaboratori.<\/p>\n","protected":false},"author":2,"featured_media":0,"parent":839,"menu_order":0,"comment_status":"closed","ping_status":"closed","template":"","meta":{"_acf_changed":false,"footnotes":""},"class_list":["post-843","page","type-page","status-publish","hentry"],"acf":[],"yoast_head":"<!-- This site is optimized with the Yoast SEO plugin v26.7 - https:\/\/yoast.com\/wordpress\/plugins\/seo\/ -->\n<title>Convivialit\u00e0 - Adone Conseil<\/title>\n<meta name=\"robots\" content=\"index, follow, max-snippet:-1, max-image-preview:large, max-video-preview:-1\" \/>\n<link rel=\"canonical\" href=\"https:\/\/www.adoneconseil.fr\/it\/la-vita-interna-dellazienda\/convivialita\/\" \/>\n<meta property=\"og:locale\" content=\"it_IT\" \/>\n<meta property=\"og:type\" content=\"article\" \/>\n<meta property=\"og:title\" content=\"Convivialit\u00e0 - Adone Conseil\" \/>\n<meta property=\"og:description\" content=\"La vita interna di Adone \u00e8 scandita da momenti di scambio e condivisione, che promuovono una crescita comune e facilitano l\u2019inserimento dei nuovi collaboratori.\" \/>\n<meta property=\"og:url\" content=\"https:\/\/www.adoneconseil.fr\/it\/la-vita-interna-dellazienda\/convivialita\/\" \/>\n<meta property=\"og:site_name\" content=\"Adone Conseil\" \/>\n<meta property=\"article:modified_time\" content=\"2026-01-19T16:15:54+00:00\" \/>\n<meta name=\"twitter:card\" content=\"summary_large_image\" \/>\n<meta name=\"twitter:label1\" content=\"Tempo di lettura stimato\" \/>\n\t<meta name=\"twitter:data1\" content=\"1 minuto\" \/>\n<script type=\"application\/ld+json\" class=\"yoast-schema-graph\">{\"@context\":\"https:\/\/schema.org\",\"@graph\":[{\"@type\":\"WebPage\",\"@id\":\"https:\/\/www.adoneconseil.fr\/it\/la-vita-interna-dellazienda\/convivialita\/\",\"url\":\"https:\/\/www.adoneconseil.fr\/it\/la-vita-interna-dellazienda\/convivialita\/\",\"name\":\"Convivialit\u00e0 - Adone Conseil\",\"isPartOf\":{\"@id\":\"https:\/\/www.adoneconseil.fr\/it\/#website\"},\"datePublished\":\"2025-08-20T15:30:50+00:00\",\"dateModified\":\"2026-01-19T16:15:54+00:00\",\"breadcrumb\":{\"@id\":\"https:\/\/www.adoneconseil.fr\/it\/la-vita-interna-dellazienda\/convivialita\/#breadcrumb\"},\"inLanguage\":\"it-IT\",\"potentialAction\":[{\"@type\":\"ReadAction\",\"target\":[\"https:\/\/www.adoneconseil.fr\/it\/la-vita-interna-dellazienda\/convivialita\/\"]}]},{\"@type\":\"BreadcrumbList\",\"@id\":\"https:\/\/www.adoneconseil.fr\/it\/la-vita-interna-dellazienda\/convivialita\/#breadcrumb\",\"itemListElement\":[{\"@type\":\"ListItem\",\"position\":1,\"name\":\"Home\",\"item\":\"https:\/\/www.adoneconseil.fr\/it\/\"},{\"@type\":\"ListItem\",\"position\":2,\"name\":\"La vita interna dell&#8217;azienda\",\"item\":\"https:\/\/www.adoneconseil.fr\/it\/la-vita-interna-dellazienda\/\"},{\"@type\":\"ListItem\",\"position\":3,\"name\":\"Convivialit\u00e0\"}]},{\"@type\":\"WebSite\",\"@id\":\"https:\/\/www.adoneconseil.fr\/it\/#website\",\"url\":\"https:\/\/www.adoneconseil.fr\/it\/\",\"name\":\"Adone Conseil\",\"description\":\"\",\"potentialAction\":[{\"@type\":\"SearchAction\",\"target\":{\"@type\":\"EntryPoint\",\"urlTemplate\":\"https:\/\/www.adoneconseil.fr\/it\/?s={search_term_string}\"},\"query-input\":{\"@type\":\"PropertyValueSpecification\",\"valueRequired\":true,\"valueName\":\"search_term_string\"}}],\"inLanguage\":\"it-IT\"}]}<\/script>\n<!-- \/ Yoast SEO plugin. -->","yoast_head_json":{"title":"Convivialit\u00e0 - Adone Conseil","robots":{"index":"index","follow":"follow","max-snippet":"max-snippet:-1","max-image-preview":"max-image-preview:large","max-video-preview":"max-video-preview:-1"},"canonical":"https:\/\/www.adoneconseil.fr\/it\/la-vita-interna-dellazienda\/convivialita\/","og_locale":"it_IT","og_type":"article","og_title":"Convivialit\u00e0 - Adone Conseil","og_description":"La vita interna di Adone \u00e8 scandita da momenti di scambio e condivisione, che promuovono una crescita comune e facilitano l\u2019inserimento dei nuovi collaboratori.","og_url":"https:\/\/www.adoneconseil.fr\/it\/la-vita-interna-dellazienda\/convivialita\/","og_site_name":"Adone Conseil","article_modified_time":"2026-01-19T16:15:54+00:00","twitter_card":"summary_large_image","twitter_misc":{"Tempo di lettura stimato":"1 minuto"},"schema":{"@context":"https:\/\/schema.org","@graph":[{"@type":"WebPage","@id":"https:\/\/www.adoneconseil.fr\/it\/la-vita-interna-dellazienda\/convivialita\/","url":"https:\/\/www.adoneconseil.fr\/it\/la-vita-interna-dellazienda\/convivialita\/","name":"Convivialit\u00e0 - Adone Conseil","isPartOf":{"@id":"https:\/\/www.adoneconseil.fr\/it\/#website"},"datePublished":"2025-08-20T15:30:50+00:00","dateModified":"2026-01-19T16:15:54+00:00","breadcrumb":{"@id":"https:\/\/www.adoneconseil.fr\/it\/la-vita-interna-dellazienda\/convivialita\/#breadcrumb"},"inLanguage":"it-IT","potentialAction":[{"@type":"ReadAction","target":["https:\/\/www.adoneconseil.fr\/it\/la-vita-interna-dellazienda\/convivialita\/"]}]},{"@type":"BreadcrumbList","@id":"https:\/\/www.adoneconseil.fr\/it\/la-vita-interna-dellazienda\/convivialita\/#breadcrumb","itemListElement":[{"@type":"ListItem","position":1,"name":"Home","item":"https:\/\/www.adoneconseil.fr\/it\/"},{"@type":"ListItem","position":2,"name":"La vita interna dell&#8217;azienda","item":"https:\/\/www.adoneconseil.fr\/it\/la-vita-interna-dellazienda\/"},{"@type":"ListItem","position":3,"name":"Convivialit\u00e0"}]},{"@type":"WebSite","@id":"https:\/\/www.adoneconseil.fr\/it\/#website","url":"https:\/\/www.adoneconseil.fr\/it\/","name":"Adone Conseil","description":"","potentialAction":[{"@type":"SearchAction","target":{"@type":"EntryPoint","urlTemplate":"https:\/\/www.adoneconseil.fr\/it\/?s={search_term_string}"},"query-input":{"@type":"PropertyValueSpecification","valueRequired":true,"valueName":"search_term_string"}}],"inLanguage":"it-IT"}]}},"_links":{"self":[{"href":"https:\/\/www.adoneconseil.fr\/it\/wp-json\/wp\/v2\/pages\/843","targetHints":{"allow":["GET"]}}],"collection":[{"href":"https:\/\/www.adoneconseil.fr\/it\/wp-json\/wp\/v2\/pages"}],"about":[{"href":"https:\/\/www.adoneconseil.fr\/it\/wp-json\/wp\/v2\/types\/page"}],"author":[{"embeddable":true,"href":"https:\/\/www.adoneconseil.fr\/it\/wp-json\/wp\/v2\/users\/2"}],"replies":[{"embeddable":true,"href":"https:\/\/www.adoneconseil.fr\/it\/wp-json\/wp\/v2\/comments?post=843"}],"version-history":[{"count":9,"href":"https:\/\/www.adoneconseil.fr\/it\/wp-json\/wp\/v2\/pages\/843\/revisions"}],"predecessor-version":[{"id":45947,"href":"https:\/\/www.adoneconseil.fr\/it\/wp-json\/wp\/v2\/pages\/843\/revisions\/45947"}],"up":[{"embeddable":true,"href":"https:\/\/www.adoneconseil.fr\/it\/wp-json\/wp\/v2\/pages\/839"}],"wp:attachment":[{"href":"https:\/\/www.adoneconseil.fr\/it\/wp-json\/wp\/v2\/media?parent=843"}],"curies":[{"name":"wp","href":"https:\/\/api.w.org\/{rel}","templated":true}]}}