{"id":23373,"date":"2024-06-13T11:42:51","date_gmt":"2024-06-13T09:42:51","guid":{"rendered":"https:\/\/www.adoneconseil.fr\/it\/?p=23373"},"modified":"2026-03-05T17:01:23","modified_gmt":"2026-03-05T16:01:23","slug":"adone-in-vetta-verso-il-monte-bianco","status":"publish","type":"internal","link":"https:\/\/www.adoneconseil.fr\/it\/articolo-interno\/adone-in-vetta-verso-il-monte-bianco\/","title":{"rendered":"Adone in vetta&#8230; verso il Monte Bianco"},"content":{"rendered":"<div class=\"container-xxl\"><div class=\"row\"><div class=\"col-12 py-1 px-2\"><div class=\"wp-block-paragraph\">\n<p>Tra determinazione e altitudine, Stanislas, <strong>accompagnato da Adone<\/strong>, ha realizzato il suo sogno di <strong>scalare il Monte Bianco<\/strong>.<\/p>\n<\/div><\/div><\/div><\/div><div class=\"container-xxl\"><div class=\"row\"><div class=\"col-12 px-2\">\n\n<\/div><\/div><\/div><div class=\"container-xxl\"><div class=\"row\"><div class=\"col-12 py-1 px-2\"><div class=\"wp-block-paragraph\">\n<p>Durante l&#8217;estate, il nostro sportivo si \u00e8 allenato duramente per scalare la vetta pi\u00f9 alta dell&#8217;Europa occidentale. Dalla preparazione nel Parco Nazionale degli <em>\u00c9crins<\/em> all&#8217;arrivo sulla vetta finale, scoprite l&#8217;incredibile avventura del nostro Country Manager Adone Italia!<\/p>\n<\/div><\/div><\/div><\/div><div class=\"container-xxl\"><div class=\"row\"><div class=\"col-12 px-2\">\n\n<\/div><\/div><\/div><div class=\"container-xxl\"><div class=\"row\"><div class=\"col-12 py-1 px-2\"><div class=\"wp-block-paragraph\">\n<p><strong><span>Guardate le foto di questo incredibile progetto alla fine dell&#8217;articolo!&nbsp;<\/span><\/strong><\/p>\n<\/div><\/div><\/div><\/div><div class=\"container-xxl\"><div class=\"row\"><div class=\"col-12 px-2\">\n\n<\/div><\/div><\/div><div class=\"container-xxl\"><div class=\"row\"><div class=\"col-12 py-1 px-2\"><div class=\"wp-block-paragraph\">\n<p><span>Stanislas, la sua compagna di cordata e i soci prima della grande partenza.<\/span><\/p>\n<\/div><\/div><\/div><\/div><div class=\"container-xxl\"><div class=\"row\"><div class=\"col-12 px-2\">\n\n<\/div><\/div><\/div><div class=\"container-xxl\"><div class=\"row\"><div class=\"col-12 py-1 px-2\">\n<figure class=\"wp-block-image aligncenter size-full is-resized\"><img decoding=\"async\" width=\"768\" height=\"513\" src=\"https:\/\/www.adoneconseil.fr\/it\/wp-content\/uploads\/sites\/3\/2024\/06\/Capture-decran-2026-03-05-170005.png\" alt=\"\" class=\"wp-image-46366\" style=\"width:550px\" \/><\/figure>\n<\/div><\/div><\/div><div class=\"container-xxl\"><div class=\"row\"><div class=\"col-12 px-2\">\n\n<\/div><\/div><\/div><div class=\"container-xxl\"><div class=\"row\"><div class=\"col-12 py-1 px-2\">\n<h2 class=\"wp-block-heading\"><strong>Intervista allo scalatore<\/strong><\/h2>\n<\/div><\/div><\/div><div class=\"container-xxl\"><div class=\"row\"><div class=\"col-12 px-2\">\n\n<\/div><\/div><\/div><div class=\"container-xxl\"><div class=\"row\"><div class=\"col-12 py-1 px-2\">\n<div class=\"vc_row wpb_row vc_row-fluid\"> <div class=\"wpb_column vc_column_container vc_col-sm-12\"> <div class=\"vc_column-inner \"> <div class=\"wpb_wrapper\"> <div class=\"wpb_text_column wpb_content_element \"> <div class=\"wpb_wrapper\"> <span><strong>1 \u2013\u00a0<\/strong><strong>Ci pu\u00f2 parlare del progetto &#8220;Adone in vetta&#8221;?<\/strong><\/span> L&#8217;obiettivo di questo progetto \u00e8 scalare il Monte Bianco, la vetta pi\u00f9 alta d&#8217;Europa. \u00c8 un progetto che si sposa perfettamente con i <strong>valori di Adone, ovvero il superamento di se stessi e la ricerca dell&#8217;eccellenza<\/strong>. <\/div>\n<\/div>\n<\/div>\n<\/div>\n<\/div>\n<\/div>\n<\/div><\/div><\/div><div class=\"container-xxl\"><div class=\"row\"><div class=\"col-12 px-2\">\n\n<\/div><\/div><\/div><div class=\"container-xxl\"><div class=\"row\"><div class=\"col-12 py-1 px-2\">\n<div class=\"vc_row wpb_row vc_row-fluid\"> <div class=\"wpb_column vc_column_container vc_col-sm-12\"> <div class=\"vc_column-inner \"> <div class=\"wpb_wrapper\"> <div class=\"wpb_text_column wpb_content_element \"> <div class=\"wpb_wrapper\"> <span><strong>2 \u2013 <\/strong><strong>Cosa l&#8217;ha spinta a realizzare questo progetto?<\/strong><\/span> Sia nella mia vita personale che in quella professionale ho bisogno di raccogliere sfide e, da amante della natura e della montagna, l&#8217;idea di scalare una montagna mi ronzava in testa da tempo. L&#8217;anno scorso mi sono detto: &#8220;Se lo vuoi cos\u00ec fortemente, se ne hai cos\u00ec tanta voglia, fallo!\u201d.\u00a0 Avrei potuto farlo da solo, ma fin dall&#8217;inizio <strong>ho pensato che i valori di Adone fossero perfettamente in sintonia con questo progetto<\/strong> e ho voluto partecipare per portare i colori dell&#8217;azienda. <strong>3 \u2013 <\/strong><span><strong>Perch\u00e9 avete deciso di lavorare in coppia?<\/strong><\/span> Quando si vive un&#8217;esperienza come questa, \u00e8 ancora meglio se la si condivide! Lavorare in coppia pu\u00f2 <strong>farti superare i momenti difficili e, nei momenti di meraviglia<\/strong>, vuoi poter condividere questa sensazione con qualcuno. Quando ho presentato il mio progetto c&#8217;erano molti candidati, tutti rilevanti, e vorrei ringraziarli tutti, perch\u00e9 hanno aggiunto credibilit\u00e0 e impatto a questa iniziativa! La selezione \u00e8 avvenuta sulla base della motivazione e dell&#8217;attitudine. <\/div>\n<\/div>\n<\/div>\n<\/div>\n<\/div>\n<\/div>\n<\/div><\/div><\/div><div class=\"container-xxl\"><div class=\"row\"><div class=\"col-12 px-2\">\n\n<\/div><\/div><\/div><div class=\"container-xxl\"><div class=\"row\"><div class=\"col-12 py-1 px-2\">\n<div class=\"vc_row wpb_row vc_row-fluid\"> <div class=\"wpb_column vc_column_container vc_col-sm-12\"> <div class=\"vc_column-inner \"> <div class=\"wpb_wrapper\"> <div class=\"wpb_text_column wpb_content_element \"> <div class=\"wpb_wrapper\"> <span><strong>4 \u2013 <\/strong><strong>Che cosa ha guadagnato professionalmente da questo progetto?<\/strong><\/span> <\/div>\n<\/div>\n<\/div>\n<\/div>\n<\/div>\n<\/div>\n<\/div><\/div><\/div><div class=\"container-xxl\"><div class=\"row\"><div class=\"col-12 px-2\">\n\n<\/div><\/div><\/div><div class=\"container-xxl\"><div class=\"row\"><div class=\"col-12 py-1 px-2\">\n<div class=\"vc_row wpb_row vc_row-fluid\"> <div class=\"wpb_column vc_column_container vc_col-sm-12\"> <div class=\"vc_column-inner \"> <div class=\"wpb_wrapper\"> <div class=\"wpb_text_column wpb_content_element \"> <div class=\"wpb_wrapper\"> <p class=\"xmsonormal\">Questo risultato dimostra che <strong>si possono sempre superare i propri limiti se ci si d\u00e0 i mezzi per farlo<\/strong>! Puntando molto in alto, si scoprono risorse inaspettate, e questo vale anche per la vita professionale. \u00c8 un progetto che mi ha dato fiducia nelle mie capacit\u00e0.<\/p> Tra la mancanza di ossigeno e le vertigini, bisogna mettere da parte il proprio ego e lavorare insieme affinch\u00e9 tutti abbiano successo. Ho imparato che una buona preparazione rende ogni sfida superabile, un approccio che ora sto applicando in Adone. <p class=\"xmsonormal\"><strong>\u00a0<\/strong><\/p> <strong>5 \u2013 <\/strong><span><strong>Qual \u00e8 stato il programma della vostra salita?<\/strong><\/span> <strong>Giorno 1 &#8211; Accoglienza e introduzione alle tecniche alpinistiche<\/strong> L&#8217;obiettivo del primo giorno era quello di prepararci ad affrontare un terreno ripido e roccioso in tutta sicurezza con i nostri scarponi da montagna. <\/div>\n<\/div>\n<\/div>\n<\/div>\n<\/div>\n<\/div>\n<\/div><\/div><\/div><div class=\"container-xxl\"><div class=\"row\"><div class=\"col-12 px-2\">\n\n<\/div><\/div><\/div><div class=\"container-xxl\"><div class=\"row\"><div class=\"col-12 py-1 px-2\">\n<div class=\"vc_row wpb_row vc_row-fluid\"> <div class=\"wpb_column vc_column_container vc_col-sm-12\"> <div class=\"vc_column-inner \"> <div class=\"wpb_wrapper\"> <div class=\"wpb_text_column wpb_content_element \"> <div class=\"wpb_wrapper\"> <strong>Giorno 2 &#8211; Primi passi sul ghiacciaio!<\/strong> Siamo partiti dal piccolo villaggio di <em>Le Tour<\/em>, nella valle di <em>Chamonix<\/em>, per prendere l&#8217;impianto di risalita di <em>Charamillon<\/em>, in seguito siamo partiti a piedi verso il rifugio <em>Albert 1er<\/em> (2702 m). Durante il tragitto, abbiamo avuto l&#8217;opportunit\u00e0 di partecipare ad un corso sul ghiaccio al fine di imparare a percorrere un ghiacciaio in sicurezza con i ramponi! Salita: + 850m (possibile fino a +1300m) <strong>Giorno 3 &#8211; Prima vetta!<\/strong> Alle 5.00 del mattino siamo partiti verso la prima vetta, che la guida alpina ha scelto in base alle condizioni e al gruppo. Durante il tragitto, abbiamo colto l&#8217;occasione per frequentare un corso per imparare le basi dell&#8217;alpinismo estivo. Salita: +1100m a 1800m <strong>Giorno 4 &#8211; Verso il rifugio T\u00eate Rousse<\/strong> Preparazione per la partenza verso il Monte Bianco. A seconda delle condizioni, si parte nella tarda mattinata o nel primo pomeriggio per prendere la funivia di <em>Les Houches<\/em> fino alla stazione di <em>Bellevue<\/em> (1800 m) e poi il treno per il <em>Nid d&#8217;Aigle<\/em> (2372 m). Da qui si parte a piedi per il rifugio <em>T\u00eate Rousse<\/em> (3167 m). Incontriamo le guide di soccorso e organizziamo le cordate. Andiamo a letto presto per essere pronti per il grande giorno! Salita: +795m <strong>Giorno 5 &#8211; Via normale alla vetta del Monte Bianco<\/strong> Si parte verso le 3:00 del mattino in direzione del rifugio <em>Go\u00fbter<\/em> (3835 m), attraversando l&#8217;omonimo canalone e seguendo poi il fianco della montagna parzialmente attrezzata con cavi (3 ore di cammino). Arriviamo quindi sul ghiacciaio e proseguiamo verso il fianco del <em>D\u00f4me du Go\u00fbter<\/em> (4260 m). Risalendo, raggiungiamo il rifugio <em>Vallot<\/em> (4362 m). Da qui, in altre 2 ore, attraverso la famosa cresta delle <em>Bosses<\/em>, raggiungiamo il &#8220;tetto delle Alpi&#8221;, la vetta del Monte Bianco! Ritorno per lo stesso itinerario verso il rifugio <em>Go\u00fbter<\/em> (2h30) dove abbiamo passato la notte. Salita: +1750m <strong>6 \u2013 <\/strong><strong>Ha dovuto seguire una formazione specifica e, se s\u00ec, di cosa si trattava?<\/strong> <\/div>\n<\/div>\n<\/div>\n<\/div>\n<\/div>\n<\/div>\n<\/div><\/div><\/div><div class=\"container-xxl\"><div class=\"row\"><div class=\"col-12 px-2\">\n\n<\/div><\/div><\/div><div class=\"container-xxl\"><div class=\"row\"><div class=\"col-12 py-1 px-2\">\n<div class=\"vc_row wpb_row vc_row-fluid\"> <div class=\"wpb_column vc_column_container vc_col-sm-12\"> <div class=\"vc_column-inner \"> <div class=\"wpb_wrapper\"> <div class=\"wpb_text_column wpb_content_element \"> <div class=\"wpb_wrapper\"> Certo che l&#8217;ho fatto! La scalata del Monte Bianco \u00e8 spesso considerata accessibile, ma non dobbiamo dimenticare che per molto tempo ha rappresentato il culmine di una carriera alpinistica. Non \u00e8 un&#8217;impresa eccessivamente tecnica, ma <strong>il livello di preparazione fisica richiesto \u00e8 molto alto.<\/strong> Per me, l&#8217;allenamento ha comportato intense sessioni di resistenza, che sono passate da 3 volte a settimana prima delle vacanze a 5 giorni a settimana, a volte mattina e sera. Sto parlando di ciclismo, corsa, nuoto e sessioni di fitness. Poi, a fine agosto, siamo andati nel parco degli <em>Ecrins<\/em> per fare 2 giorni di escursioni in quota con molto dislivello. <\/div>\n<\/div>\n<\/div>\n<\/div>\n<\/div>\n<\/div>\n<\/div><\/div><\/div><div class=\"container-xxl\"><div class=\"row\"><div class=\"col-12 px-2\">\n\n<\/div><\/div><\/div><div class=\"container-xxl\"><div class=\"row\"><div class=\"col-12 py-1 px-2\">\n<div class=\"vc_row wpb_row vc_row-fluid\"> <div class=\"wpb_column vc_column_container vc_col-sm-12\"> <div class=\"vc_column-inner \"> <div class=\"wpb_wrapper\"> <div class=\"wpb_text_column wpb_content_element \"> <div class=\"wpb_wrapper\"> <strong>7 \u2013 <\/strong><strong>Che consiglio darebbe agli adoniani che vorrebbero proporre le proprie iniziative?<\/strong> <\/div>\n<\/div>\n<\/div>\n<\/div>\n<\/div>\n<\/div>\n<\/div><\/div><\/div><div class=\"container-xxl\"><div class=\"row\"><div class=\"col-12 px-2\">\n\n<\/div><\/div><\/div><div class=\"container-xxl\"><div class=\"row\"><div class=\"col-12 py-1 px-2\">\n<div class=\"vc_row wpb_row vc_row-fluid\"> <div class=\"wpb_column vc_column_container vc_col-sm-12\"> <div class=\"vc_column-inner \"> <div class=\"wpb_wrapper\"> <div class=\"wpb_text_column wpb_content_element \"> <div class=\"wpb_wrapper\"> Se siete motivati da un&#8217;iniziativa, non esitate! Una buona preparazione rende ogni sfida superabile, e una presentazione ben preparata che dimostri l&#8217;interesse della <strong>vostra iniziativa per Adone sar\u00e0 sempre apprezzata.<\/strong> <\/div>\n<\/div>\n<\/div>\n<\/div>\n<\/div>\n<p><\/p><p><strong>Anche voi potete entrare a far parte di un Great Place to Work!<\/strong><\/p>\n<\/div>\n<\/div><\/div><\/div><div class=\"container-xxl\"><div class=\"row\"><div class=\"col-12 px-2\">\n\n<\/div><\/div><\/div>\n  \n    <div class=\"groupe-galerie my-6 my-md-8\">\n    <div class=\"container-xxl\">\n      <div class=\"row\">\n        <div class=\"col-12 p-1 px-md-3 px-xxl-1\">\n\n          <div class=\"splide\" data-splide='{\"type\":\"loop\",\"rewind\":false,\"perPage\":1,\"perMove\":1,\"focus\":0,\"pagination\":true,\"arrows\":false,\"drag\":true,\"loop\":false,\"autoplay\":true,\"pauseOnHover\":true,\"interval\":5000,\"mediaQuery\":\"min\",\"gap\":30,\"breakpoints\":{\"768\":{\"perPage\":2},\"992\":{\"perPage\":3},\"1200\":{\"perPage\":4}}}'>\n            <div class=\"splide__track\">\n              <div class=\"splide__list\">\n\n                                  <div class=\"splide__slide\">\n                    <div class=\"galerie-item\" role=\"button\" tabindex=\"0\" \n                         data-modal-id=\"galerieModal-905058575\"\n                         data-image-large=\"https:\/\/www.adoneconseil.fr\/it\/wp-content\/uploads\/sites\/3\/2019\/09\/DSC00122-rotated-1-684x1024.jpg\"\n                         data-image-alt=\"\"\n                         data-image-title=\"DSC00122\"\n                         style=\"cursor: pointer;\">\n                        <figure class=\"field-image m-0\">\n    <img decoding=\"async\" \n      src=\"https:\/\/www.adoneconseil.fr\/it\/wp-content\/uploads\/sites\/3\/2019\/09\/DSC00122-rotated-1-400x300.jpg\" \n    \t class=\"img-fluid\"        alt=\"Image d'illustration\"       title=\"DSC00122\"       width=\"400\"       height=\"300\"          \/>\n      <\/figure>\n                    <\/div>      \n                  <\/div>\n                                  <div class=\"splide__slide\">\n                    <div class=\"galerie-item\" role=\"button\" tabindex=\"0\" \n                         data-modal-id=\"galerieModal-905058575\"\n                         data-image-large=\"https:\/\/www.adoneconseil.fr\/it\/wp-content\/uploads\/sites\/3\/2019\/09\/DSC00351-1024x684.jpg\"\n                         data-image-alt=\"\"\n                         data-image-title=\"DSC00351\"\n                         style=\"cursor: pointer;\">\n                        <figure class=\"field-image m-0\">\n    <img decoding=\"async\" \n      src=\"https:\/\/www.adoneconseil.fr\/it\/wp-content\/uploads\/sites\/3\/2019\/09\/DSC00351-400x300.jpg\" \n    \t class=\"img-fluid\"        alt=\"Image d'illustration\"       title=\"DSC00351\"       width=\"400\"       height=\"300\"          \/>\n      <\/figure>\n                    <\/div>      \n                  <\/div>\n                                  <div class=\"splide__slide\">\n                    <div class=\"galerie-item\" role=\"button\" tabindex=\"0\" \n                         data-modal-id=\"galerieModal-905058575\"\n                         data-image-large=\"https:\/\/www.adoneconseil.fr\/it\/wp-content\/uploads\/sites\/3\/2019\/09\/DSC00134-1024x684.jpg\"\n                         data-image-alt=\"\"\n                         data-image-title=\"DSC00134\"\n                         style=\"cursor: pointer;\">\n                        <figure class=\"field-image m-0\">\n    <img decoding=\"async\" \n      src=\"https:\/\/www.adoneconseil.fr\/it\/wp-content\/uploads\/sites\/3\/2019\/09\/DSC00134-400x300.jpg\" \n    \t class=\"img-fluid\"        alt=\"Image d'illustration\"       title=\"DSC00134\"       width=\"400\"       height=\"300\"          \/>\n      <\/figure>\n                    <\/div>      \n                  <\/div>\n                                  <div class=\"splide__slide\">\n                    <div class=\"galerie-item\" role=\"button\" tabindex=\"0\" \n                         data-modal-id=\"galerieModal-905058575\"\n                         data-image-large=\"https:\/\/www.adoneconseil.fr\/it\/wp-content\/uploads\/sites\/3\/2019\/09\/DSC00235-1024x684.jpg\"\n                         data-image-alt=\"\"\n                         data-image-title=\"DSC00235\"\n                         style=\"cursor: pointer;\">\n                        <figure class=\"field-image m-0\">\n    <img decoding=\"async\" \n      src=\"https:\/\/www.adoneconseil.fr\/it\/wp-content\/uploads\/sites\/3\/2019\/09\/DSC00235-400x300.jpg\" \n    \t class=\"img-fluid\"        alt=\"Image d'illustration\"       title=\"DSC00235\"       width=\"400\"       height=\"300\"          \/>\n      <\/figure>\n                    <\/div>      \n                  <\/div>\n                                  <div class=\"splide__slide\">\n                    <div class=\"galerie-item\" role=\"button\" tabindex=\"0\" \n                         data-modal-id=\"galerieModal-905058575\"\n                         data-image-large=\"https:\/\/www.adoneconseil.fr\/it\/wp-content\/uploads\/sites\/3\/2024\/05\/DSC00282-scaled-1-992x1024.jpg\"\n                         data-image-alt=\"\"\n                         data-image-title=\"DSC00282\"\n                         style=\"cursor: pointer;\">\n                        <figure class=\"field-image m-0\">\n    <img decoding=\"async\" \n      src=\"https:\/\/www.adoneconseil.fr\/it\/wp-content\/uploads\/sites\/3\/2024\/05\/DSC00282-scaled-1-400x300.jpg\" \n    \t class=\"img-fluid\"        alt=\"Image d'illustration\"       title=\"DSC00282\"       width=\"400\"       height=\"300\"          \/>\n      <\/figure>\n                    <\/div>      \n                  <\/div>\n                                  <div class=\"splide__slide\">\n                    <div class=\"galerie-item\" role=\"button\" tabindex=\"0\" \n                         data-modal-id=\"galerieModal-905058575\"\n                         data-image-large=\"https:\/\/www.adoneconseil.fr\/it\/wp-content\/uploads\/sites\/3\/2024\/05\/DSC00287-1024x684.jpg\"\n                         data-image-alt=\"\"\n                         data-image-title=\"DSC00287\"\n                         style=\"cursor: pointer;\">\n                        <figure class=\"field-image m-0\">\n    <img decoding=\"async\" \n      src=\"https:\/\/www.adoneconseil.fr\/it\/wp-content\/uploads\/sites\/3\/2024\/05\/DSC00287-400x300.jpg\" \n    \t class=\"img-fluid\"        alt=\"Image d'illustration\"       title=\"DSC00287\"       width=\"400\"       height=\"300\"          \/>\n      <\/figure>\n                    <\/div>      \n                  <\/div>\n                                  <div class=\"splide__slide\">\n                    <div class=\"galerie-item\" role=\"button\" tabindex=\"0\" \n                         data-modal-id=\"galerieModal-905058575\"\n                         data-image-large=\"https:\/\/www.adoneconseil.fr\/it\/wp-content\/uploads\/sites\/3\/2019\/09\/DSC00137-1024x684.jpg\"\n                         data-image-alt=\"\"\n                         data-image-title=\"DSC00137\"\n                         style=\"cursor: pointer;\">\n                        <figure class=\"field-image m-0\">\n    <img decoding=\"async\" \n      src=\"https:\/\/www.adoneconseil.fr\/it\/wp-content\/uploads\/sites\/3\/2019\/09\/DSC00137-400x300.jpg\" \n    \t class=\"img-fluid\"        alt=\"Image d'illustration\"       title=\"DSC00137\"       width=\"400\"       height=\"300\"          \/>\n      <\/figure>\n                    <\/div>      \n                  <\/div>\n                \n              <\/div>\n            <\/div>\n          <\/div>\n\n        <\/div>\n      <\/div>\n    <\/div>\n  <\/div>\n\n    <div class=\"modal fade\" id=\"galerieModal-905058575\" tabindex=\"-1\" aria-labelledby=\"galerieModal-905058575-label\" aria-hidden=\"true\">\n    <div class=\"modal-dialog modal-dialog-centered modal-xl\">\n      <div class=\"modal-content bg-transparent border-0\">\n        <div class=\"modal-header border-0\">\n          <button type=\"button\" class=\"btn-close btn-close-white\" data-bs-dismiss=\"modal\" aria-label=\"Close\"><\/button>\n        <\/div>\n        <div class=\"modal-body text-center bg-white\">\n        <\/div>\n      <\/div>\n    <\/div>\n  <\/div>\n\n<div class=\"container-xxl\"><div class=\"row\"><div class=\"col-12 px-2\">\n\n<\/div><\/div><\/div><section class=\"block   block--contact\n\" data-scroll>\n  <div class=\"container-xxl\">\n    <div class=\"row\">\n      <div class=\"col-12 p-1 px-md-3 px-xxl-1\">\n        \n         \n\n  \n      <div class=\"row justify-content-center py-1\">\n                  <div class=\"col-12 col-sm-12 col-md-6 py-2 px-3\">\n\n                <h2 class=\"field-title text-center\">Avete un progetto? Discutiamone insieme.<\/h2>\n\n                <div class=\"field-text text-center\"><p>Parliamo delle vostre ambizioni e valutiamo come le nostre competenze possono accelerare la vostra trasformazione.<\/p>\n<\/div>\n\n\n\n            \t<div class=\"field-link text-center\">\n\t\t<a \n\t\t\thref=\"\/it\/contattarci\/\"\t\n\t\t\ttarget=\"\" \n\t\t\t class=\"btn btn-black\" \t\t\t\t\t\t\t title=\"Contatta un esperto\" \t\t\t\t\t\t\t\t\t\t\t>Contatta un esperto<\/a>\n\t<\/div>\n \n\n          <\/div>\n                  <div class=\"col-12 col-sm-12 col-md-6 py-2 px-3\">\n\n                <h2 class=\"field-title text-center\">Avete delle competenze?<\/h2>\n\n                <div class=\"field-text text-center\"><p>Siamo sempre alla ricerca di talenti appassionati da inserire nei nostri team e lavorare su progetti stimolanti.<\/p>\n<\/div>\n\n\n\n            \t<div class=\"field-link text-center\">\n\t\t<a \n\t\t\thref=\"\/it\/lavoro\/\"\t\n\t\t\ttarget=\"\" \n\t\t\t class=\"btn btn-danger\" \t\t\t\t\t\t\t title=\"Unisciti ai nostri team\" \t\t\t\t\t\t\t\t\t\t\t>Unisciti ai nostri team<\/a>\n\t<\/div>\n \n\n          <\/div>\n              <\/div>\n\n\n\n      <\/div>\n    <\/div>\n  <\/div>\n<\/section>\n","protected":false},"author":9,"featured_media":22942,"template":"","meta":{"_acf_changed":false,"footnotes":""},"categories":[198,171],"tags":[199],"theme":[233],"class_list":["post-23373","internal","type-internal","status-publish","has-post-thumbnail","hentry","tag-il-giorno-in-cui"],"acf":[],"yoast_head":"<!-- This site is optimized with the Yoast SEO plugin v26.7 - https:\/\/yoast.com\/wordpress\/plugins\/seo\/ -->\n<title>Adone in vetta... verso il Monte Bianco - Adone Conseil<\/title>\n<meta name=\"description\" content=\"Questa \u00e8 la storia di un dipendente che sognava di scalare il Monte Bianco e di portare la sua azienda in questa incredibile avventura. Scoprite la storia di Stanislas, Country Manager di Adone Conseil, societ\u00e0 di consulenza leader in Europa nel settore del lusso e del retail.\" \/>\n<meta name=\"robots\" content=\"index, follow, max-snippet:-1, max-image-preview:large, max-video-preview:-1\" \/>\n<link rel=\"canonical\" href=\"https:\/\/www.adoneconseil.fr\/it\/articolo-interno\/adone-in-vetta-verso-il-monte-bianco\/\" \/>\n<meta property=\"og:locale\" content=\"it_IT\" \/>\n<meta property=\"og:type\" content=\"article\" \/>\n<meta property=\"og:title\" content=\"Adone in vetta... verso il Monte Bianco\" \/>\n<meta property=\"og:description\" content=\"Questa \u00e8 la storia di un dipendente che sognava di scalare il Monte Bianco e di portare la sua azienda in questa incredibile avventura. Scoprite la storia di Stanislas, Country Manager di Adone Conseil, societ\u00e0 di consulenza leader in Europa nel settore del lusso e del retail.\" \/>\n<meta property=\"og:url\" content=\"https:\/\/www.adoneconseil.fr\/it\/articolo-interno\/adone-in-vetta-verso-il-monte-bianco\/\" \/>\n<meta property=\"og:site_name\" content=\"Adone Conseil\" \/>\n<meta property=\"article:modified_time\" content=\"2026-03-05T16:01:23+00:00\" \/>\n<meta name=\"twitter:card\" content=\"summary_large_image\" \/>\n<meta name=\"twitter:image\" content=\"https:\/\/www.adoneconseil.fr\/it\/wp-content\/uploads\/sites\/3\/2019\/09\/DSC00137.jpg\" \/>\n<meta name=\"twitter:label1\" content=\"Tempo di lettura stimato\" \/>\n\t<meta name=\"twitter:data1\" content=\"6 minuti\" \/>\n<script type=\"application\/ld+json\" class=\"yoast-schema-graph\">{\"@context\":\"https:\/\/schema.org\",\"@graph\":[{\"@type\":\"WebPage\",\"@id\":\"https:\/\/www.adoneconseil.fr\/it\/articolo-interno\/adone-in-vetta-verso-il-monte-bianco\/\",\"url\":\"https:\/\/www.adoneconseil.fr\/it\/articolo-interno\/adone-in-vetta-verso-il-monte-bianco\/\",\"name\":\"Adone in vetta... verso il Monte Bianco - Adone Conseil\",\"isPartOf\":{\"@id\":\"https:\/\/www.adoneconseil.fr\/it\/#website\"},\"primaryImageOfPage\":{\"@id\":\"https:\/\/www.adoneconseil.fr\/it\/articolo-interno\/adone-in-vetta-verso-il-monte-bianco\/#primaryimage\"},\"image\":{\"@id\":\"https:\/\/www.adoneconseil.fr\/it\/articolo-interno\/adone-in-vetta-verso-il-monte-bianco\/#primaryimage\"},\"thumbnailUrl\":\"https:\/\/www.adoneconseil.fr\/it\/wp-content\/uploads\/sites\/3\/2019\/09\/DSC00137.jpg\",\"datePublished\":\"2024-06-13T09:42:51+00:00\",\"dateModified\":\"2026-03-05T16:01:23+00:00\",\"description\":\"Questa \u00e8 la storia di un dipendente che sognava di scalare il Monte Bianco e di portare la sua azienda in questa incredibile avventura. Scoprite la storia di Stanislas, Country Manager di Adone Conseil, societ\u00e0 di consulenza leader in Europa nel settore del lusso e del retail.\",\"breadcrumb\":{\"@id\":\"https:\/\/www.adoneconseil.fr\/it\/articolo-interno\/adone-in-vetta-verso-il-monte-bianco\/#breadcrumb\"},\"inLanguage\":\"it-IT\",\"potentialAction\":[{\"@type\":\"ReadAction\",\"target\":[\"https:\/\/www.adoneconseil.fr\/it\/articolo-interno\/adone-in-vetta-verso-il-monte-bianco\/\"]}]},{\"@type\":\"ImageObject\",\"inLanguage\":\"it-IT\",\"@id\":\"https:\/\/www.adoneconseil.fr\/it\/articolo-interno\/adone-in-vetta-verso-il-monte-bianco\/#primaryimage\",\"url\":\"https:\/\/www.adoneconseil.fr\/it\/wp-content\/uploads\/sites\/3\/2019\/09\/DSC00137.jpg\",\"contentUrl\":\"https:\/\/www.adoneconseil.fr\/it\/wp-content\/uploads\/sites\/3\/2019\/09\/DSC00137.jpg\",\"width\":1616,\"height\":1080},{\"@type\":\"BreadcrumbList\",\"@id\":\"https:\/\/www.adoneconseil.fr\/it\/articolo-interno\/adone-in-vetta-verso-il-monte-bianco\/#breadcrumb\",\"itemListElement\":[{\"@type\":\"ListItem\",\"position\":1,\"name\":\"Home\",\"item\":\"https:\/\/www.adoneconseil.fr\/it\/\"},{\"@type\":\"ListItem\",\"position\":2,\"name\":\"Articolo interno\",\"item\":\"https:\/\/www.adoneconseil.fr\/it\/articolo-interno\/\"},{\"@type\":\"ListItem\",\"position\":3,\"name\":\"Adone in vetta&#8230; verso il Monte Bianco\"}]},{\"@type\":\"WebSite\",\"@id\":\"https:\/\/www.adoneconseil.fr\/it\/#website\",\"url\":\"https:\/\/www.adoneconseil.fr\/it\/\",\"name\":\"Adone Conseil\",\"description\":\"\",\"potentialAction\":[{\"@type\":\"SearchAction\",\"target\":{\"@type\":\"EntryPoint\",\"urlTemplate\":\"https:\/\/www.adoneconseil.fr\/it\/?s={search_term_string}\"},\"query-input\":{\"@type\":\"PropertyValueSpecification\",\"valueRequired\":true,\"valueName\":\"search_term_string\"}}],\"inLanguage\":\"it-IT\"}]}<\/script>\n<!-- \/ Yoast SEO plugin. -->","yoast_head_json":{"title":"Adone in vetta... verso il Monte Bianco - Adone Conseil","description":"Questa \u00e8 la storia di un dipendente che sognava di scalare il Monte Bianco e di portare la sua azienda in questa incredibile avventura. Scoprite la storia di Stanislas, Country Manager di Adone Conseil, societ\u00e0 di consulenza leader in Europa nel settore del lusso e del retail.","robots":{"index":"index","follow":"follow","max-snippet":"max-snippet:-1","max-image-preview":"max-image-preview:large","max-video-preview":"max-video-preview:-1"},"canonical":"https:\/\/www.adoneconseil.fr\/it\/articolo-interno\/adone-in-vetta-verso-il-monte-bianco\/","og_locale":"it_IT","og_type":"article","og_title":"Adone in vetta... verso il Monte Bianco","og_description":"Questa \u00e8 la storia di un dipendente che sognava di scalare il Monte Bianco e di portare la sua azienda in questa incredibile avventura. Scoprite la storia di Stanislas, Country Manager di Adone Conseil, societ\u00e0 di consulenza leader in Europa nel settore del lusso e del retail.","og_url":"https:\/\/www.adoneconseil.fr\/it\/articolo-interno\/adone-in-vetta-verso-il-monte-bianco\/","og_site_name":"Adone Conseil","article_modified_time":"2026-03-05T16:01:23+00:00","twitter_card":"summary_large_image","twitter_image":"https:\/\/www.adoneconseil.fr\/it\/wp-content\/uploads\/sites\/3\/2019\/09\/DSC00137.jpg","twitter_misc":{"Tempo di lettura stimato":"6 minuti"},"schema":{"@context":"https:\/\/schema.org","@graph":[{"@type":"WebPage","@id":"https:\/\/www.adoneconseil.fr\/it\/articolo-interno\/adone-in-vetta-verso-il-monte-bianco\/","url":"https:\/\/www.adoneconseil.fr\/it\/articolo-interno\/adone-in-vetta-verso-il-monte-bianco\/","name":"Adone in vetta... verso il Monte Bianco - Adone Conseil","isPartOf":{"@id":"https:\/\/www.adoneconseil.fr\/it\/#website"},"primaryImageOfPage":{"@id":"https:\/\/www.adoneconseil.fr\/it\/articolo-interno\/adone-in-vetta-verso-il-monte-bianco\/#primaryimage"},"image":{"@id":"https:\/\/www.adoneconseil.fr\/it\/articolo-interno\/adone-in-vetta-verso-il-monte-bianco\/#primaryimage"},"thumbnailUrl":"https:\/\/www.adoneconseil.fr\/it\/wp-content\/uploads\/sites\/3\/2019\/09\/DSC00137.jpg","datePublished":"2024-06-13T09:42:51+00:00","dateModified":"2026-03-05T16:01:23+00:00","description":"Questa \u00e8 la storia di un dipendente che sognava di scalare il Monte Bianco e di portare la sua azienda in questa incredibile avventura. Scoprite la storia di Stanislas, Country Manager di Adone Conseil, societ\u00e0 di consulenza leader in Europa nel settore del lusso e del retail.","breadcrumb":{"@id":"https:\/\/www.adoneconseil.fr\/it\/articolo-interno\/adone-in-vetta-verso-il-monte-bianco\/#breadcrumb"},"inLanguage":"it-IT","potentialAction":[{"@type":"ReadAction","target":["https:\/\/www.adoneconseil.fr\/it\/articolo-interno\/adone-in-vetta-verso-il-monte-bianco\/"]}]},{"@type":"ImageObject","inLanguage":"it-IT","@id":"https:\/\/www.adoneconseil.fr\/it\/articolo-interno\/adone-in-vetta-verso-il-monte-bianco\/#primaryimage","url":"https:\/\/www.adoneconseil.fr\/it\/wp-content\/uploads\/sites\/3\/2019\/09\/DSC00137.jpg","contentUrl":"https:\/\/www.adoneconseil.fr\/it\/wp-content\/uploads\/sites\/3\/2019\/09\/DSC00137.jpg","width":1616,"height":1080},{"@type":"BreadcrumbList","@id":"https:\/\/www.adoneconseil.fr\/it\/articolo-interno\/adone-in-vetta-verso-il-monte-bianco\/#breadcrumb","itemListElement":[{"@type":"ListItem","position":1,"name":"Home","item":"https:\/\/www.adoneconseil.fr\/it\/"},{"@type":"ListItem","position":2,"name":"Articolo interno","item":"https:\/\/www.adoneconseil.fr\/it\/articolo-interno\/"},{"@type":"ListItem","position":3,"name":"Adone in vetta&#8230; verso il Monte Bianco"}]},{"@type":"WebSite","@id":"https:\/\/www.adoneconseil.fr\/it\/#website","url":"https:\/\/www.adoneconseil.fr\/it\/","name":"Adone Conseil","description":"","potentialAction":[{"@type":"SearchAction","target":{"@type":"EntryPoint","urlTemplate":"https:\/\/www.adoneconseil.fr\/it\/?s={search_term_string}"},"query-input":{"@type":"PropertyValueSpecification","valueRequired":true,"valueName":"search_term_string"}}],"inLanguage":"it-IT"}]}},"_links":{"self":[{"href":"https:\/\/www.adoneconseil.fr\/it\/wp-json\/wp\/v2\/internal\/23373","targetHints":{"allow":["GET"]}}],"collection":[{"href":"https:\/\/www.adoneconseil.fr\/it\/wp-json\/wp\/v2\/internal"}],"about":[{"href":"https:\/\/www.adoneconseil.fr\/it\/wp-json\/wp\/v2\/types\/internal"}],"author":[{"embeddable":true,"href":"https:\/\/www.adoneconseil.fr\/it\/wp-json\/wp\/v2\/users\/9"}],"version-history":[{"count":12,"href":"https:\/\/www.adoneconseil.fr\/it\/wp-json\/wp\/v2\/internal\/23373\/revisions"}],"predecessor-version":[{"id":46367,"href":"https:\/\/www.adoneconseil.fr\/it\/wp-json\/wp\/v2\/internal\/23373\/revisions\/46367"}],"wp:featuredmedia":[{"embeddable":true,"href":"https:\/\/www.adoneconseil.fr\/it\/wp-json\/wp\/v2\/media\/22942"}],"wp:attachment":[{"href":"https:\/\/www.adoneconseil.fr\/it\/wp-json\/wp\/v2\/media?parent=23373"}],"wp:term":[{"taxonomy":"category","embeddable":true,"href":"https:\/\/www.adoneconseil.fr\/it\/wp-json\/wp\/v2\/categories?post=23373"},{"taxonomy":"post_tag","embeddable":true,"href":"https:\/\/www.adoneconseil.fr\/it\/wp-json\/wp\/v2\/tags?post=23373"},{"taxonomy":"theme","embeddable":true,"href":"https:\/\/www.adoneconseil.fr\/it\/wp-json\/wp\/v2\/theme?post=23373"}],"curies":[{"name":"wp","href":"https:\/\/api.w.org\/{rel}","templated":true}]}}